{"id":1538,"date":"2024-07-19T13:43:11","date_gmt":"2024-07-19T10:43:11","guid":{"rendered":"https:\/\/iicvilnius.esteri.it\/?page_id=1538"},"modified":"2024-07-19T13:43:11","modified_gmt":"2024-07-19T10:43:11","slug":"archivio-eventi","status":"publish","type":"page","link":"https:\/\/iicvilnius.esteri.it\/it\/gli_eventi\/archivio-eventi\/","title":{"rendered":"Archivio eventi"},"content":{"rendered":"        <div class=\"row\">\n\t\t\t<!-- Ricerca sedi post -->\n\t\t\t<div class=\"col-12 mt-4\">\n\t\t\t  <div class=\"callout callout-highlight note ricerca-esteri p-4\">\n                    <div class=\"callout-title\">\n                        <svg class=\"icon\">\n                            <use xlink:href=\"https:\/\/iicvilnius.esteri.it\/wp-content\/themes\/sedi-tema\/assets\/svg\/sprites.svg#it-search\"><\/use>\n                        <\/svg>Inserisci i parametri di ricerca                    <\/div>\n                    <form id=\"searchFormPost\" name=\"form-search-post\" class=\"form-row align-items-center\" action=\"https:\/\/iicvilnius.esteri.it\/it\/wp-json\/wp\/v2\/pages\/1538\/\" method=\"GET\"> \n                        <!-- <div class=\"form-group pt-5\"> -->\n                            <!-- <input type=\"hidden\" id=\"lang\" name=\"lang\" value=\"\"> --> <!-- <\/div> -->\n\n                        <div class=\"it-datepicker-wrapper\">\n                            <div class=\"row\">\n                                <div class=\"form-group col-md-6\">\n                                    <label class=\"active\" for=\"date-init\">Dal<\/label>\n                                    <input class=\"form-control\" name=\"date-init\" id=\"date-init\" type=\"date\" placeholder=\"gg\/mm\/aaaa\" value=\"\"lang=\"en-EN\">  \n                                <\/div>\n                                <div class=\"form-group col-md-6\">\n                                    <label class=\"active\" for=\"date-end\">Al<\/label>\n                                    <input class=\"form-control\" name=\"date-end\" id=\"date-end\" type=\"date\" placeholder=\"gg\/mm\/aaaa\" value=\"\">\n                                <\/div>\n                            <\/div>\n                        <\/div>\n                        <div class=\"form-group col-md-12 mt-3\">\n                            <label for=\"searchText\">Campo ricerca libera<\/label>\n                            <input type=\"text\" name=\"searchText\" class=\"form-control\" id=\"searchText\" value=\"\">\n                        <\/div>\n                        <div class=\"form-group col-md-4 offset-md-8 text-end\">\n                            <a href=\"https:\/\/iicvilnius.esteri.it\/it\/gli_eventi\/archivio-eventi\/\" title=\"Form reset\" id=\"resetImput\" class=\"btn btn-outline-primary btn-xs\">Reset<\/a>\n                            <button type=\"submit\" class=\"btn btn-primary btn-xs\">Mostra risultati<\/button>\n                        <\/div>\n                    <\/form>\n\t\t\t\t<\/div>\n\t\t\t<\/div>\n\t\t<\/div>\n                    \n            <div class=\"row\">\n                            <div class=\"col-12 mt-3\">\n                <!--start card-->\n                <div class=\"card-wrapper card-space\">\n                    <div class=\"card card-bg card-big border-bottom-card\">\n                        <div class=\"card-body row\">\n                                                    <div class=\"col-sm-3\">\n                                <div class=\"img-responsive\">\n                                    <figure class=\"img-wrapper\">\n                                        <a href=\"https:\/\/iicvilnius.esteri.it\/it\/gli_eventi\/calendario\/tecnoso%ef%ac%81a-filosofia-e-scienze-umane-nellera-digitale-discussione-con-il-prof-maurizio-ferraris-e-il-prof-jonas-dagys\/\" title=\"Leggi l'articolo: Tecnoso\ufb01a: filosofia e scienze umane nell\u2019era digitale \u2013 discussione con il prof. Maurizio Ferraris e il prof. Jonas Dagys, nell\u2019ambito delle iniziative dedicate alla IX edizione della Giornata della Ricerca Italiana nel Mondo\">\n                                                                                            <img loading=\"lazy\" decoding=\"async\" width=\"300\" height=\"169\" src=\"https:\/\/iicvilnius.esteri.it\/wp-content\/uploads\/2026\/03\/Discussione-Maurizio-Ferraris-300x169.png\" srcset=\"https:\/\/iicvilnius.esteri.it\/wp-content\/uploads\/2026\/03\/Discussione-Maurizio-Ferraris.png 1920w, https:\/\/iicvilnius.esteri.it\/wp-content\/uploads\/2026\/03\/Discussione-Maurizio-Ferraris-300x169.png 300w, https:\/\/iicvilnius.esteri.it\/wp-content\/uploads\/2026\/03\/Discussione-Maurizio-Ferraris-1024x576.png 1024w, https:\/\/iicvilnius.esteri.it\/wp-content\/uploads\/2026\/03\/Discussione-Maurizio-Ferraris-768x432.png 768w\" sizes=\"auto, (max-width: 1920px) 100vw, 1920px\"  title=\"Discussione Maurizio Ferraris\" alt=\"\" class=\"img-fluid\">\n                                                                                    <\/a>\n                                    <\/figure>\n                                <\/div>\n                            <\/div>\n                            <div class=\"col-sm-9\">\n                                                            <div class=\"category-top\">\n                                    <span class=\"fw-bold text-danger\">Concluso<\/span>                                                                        <span class=\"data\">\n                                        <svg class=\"icon icon-secondary\">\n                                            <use xlink:href=\"https:\/\/iicvilnius.esteri.it\/wp-content\/themes\/sedi-tema\/assets\/svg\/sprites.svg#it-calendar\"><\/use>\n                                        <\/svg> Gio 02 Apr 2026                                    <\/span>\n                                                                    <\/div>\n                            <h5 class=\"card-title big-heading text-uppercase\"><a class=\"text-body text-decoration-none\" href=\"https:\/\/iicvilnius.esteri.it\/it\/gli_eventi\/calendario\/tecnoso%ef%ac%81a-filosofia-e-scienze-umane-nellera-digitale-discussione-con-il-prof-maurizio-ferraris-e-il-prof-jonas-dagys\/\" title=\"Tecnoso\ufb01a: filosofia e scienze umane nell\u2019era digitale \u2013 discussione con il prof. Maurizio Ferraris e il prof. Jonas Dagys, nell\u2019ambito delle iniziative dedicate alla IX edizione della Giornata della Ricerca Italiana nel Mondo\">Tecnoso\ufb01a: filosofia e scienze umane nell\u2019era digitale \u2013 discussione con il prof. Maurizio Ferraris e il prof. Jonas Dagys, nell\u2019ambito delle iniziative dedicate alla IX edizione della Giornata della Ricerca Italiana nel Mondo<\/a><\/h5>\n                            <p class=\"card-text\">In occasione della IX edizione della Giornata della Ricerca Italiana nel Mondo, l\u2019Ambasciata d\u2019Italia e l\u2019Istituto Italiano di cultura di Vilnius assieme all\u2019Universit\u00e0 di Vilnius celebrano\u00a0 il noto filosofo italiano Maurizio Ferraris, professore presso l\u2019Universit\u00e0 di Torino e visiting professor presso le Universit\u00e0 di Harvard, Oxford e altre tra le pi\u00f9 importanti istituzioni accademiche del [&hellip;]<\/p>\n                                <a title=\"Tecnoso\ufb01a: filosofia e scienze umane nell\u2019era digitale \u2013 discussione con il prof. Maurizio Ferraris e il prof. Jonas Dagys, nell\u2019ambito delle iniziative dedicate alla IX edizione della Giornata della Ricerca Italiana nel Mondo\" class=\"read-more\" href=\"https:\/\/iicvilnius.esteri.it\/it\/gli_eventi\/calendario\/tecnoso%ef%ac%81a-filosofia-e-scienze-umane-nellera-digitale-discussione-con-il-prof-maurizio-ferraris-e-il-prof-jonas-dagys\/\">\n                                    <span class=\"text\">Leggi di pi\u00f9<\/span>\n                                    <svg class=\"icon\">\n                                    <use xlink:href=\"https:\/\/iicvilnius.esteri.it\/wp-content\/themes\/sedi-tema\/assets\/svg\/sprites.svg#it-arrow-right\"><\/use>\n                                    <\/svg>\n                                <\/a>\n                                                        <\/div>\n                                                    <\/div>\n                    <\/div>\n                <\/div>\n                <!--end card-->\n                <\/div><!-- col-12 .mt-3-->\n                            <div class=\"col-12 mt-3\">\n                <!--start card-->\n                <div class=\"card-wrapper card-space\">\n                    <div class=\"card card-bg card-big border-bottom-card\">\n                        <div class=\"card-body row\">\n                                                    <div class=\"col-sm-3\">\n                                <div class=\"img-responsive\">\n                                    <figure class=\"img-wrapper\">\n                                        <a href=\"https:\/\/iicvilnius.esteri.it\/it\/gli_eventi\/calendario\/concerto-giullari-di-dio\/\" title=\"Leggi l'articolo: Concerto \u201cGiullari di Dio\u201d\">\n                                                                                            <img loading=\"lazy\" decoding=\"async\" width=\"300\" height=\"300\" src=\"https:\/\/iicvilnius.esteri.it\/wp-content\/uploads\/2026\/03\/Micrologus-300x300.png\" srcset=\"https:\/\/iicvilnius.esteri.it\/wp-content\/uploads\/2026\/03\/Micrologus.png 1000w, https:\/\/iicvilnius.esteri.it\/wp-content\/uploads\/2026\/03\/Micrologus-300x300.png 300w, https:\/\/iicvilnius.esteri.it\/wp-content\/uploads\/2026\/03\/Micrologus-150x150.png 150w, https:\/\/iicvilnius.esteri.it\/wp-content\/uploads\/2026\/03\/Micrologus-768x768.png 768w\" sizes=\"auto, (max-width: 1000px) 100vw, 1000px\"  title=\"Micrologus\" alt=\"\" class=\"img-fluid\">\n                                                                                    <\/a>\n                                    <\/figure>\n                                <\/div>\n                            <\/div>\n                            <div class=\"col-sm-9\">\n                                                            <div class=\"category-top\">\n                                    <span class=\"fw-bold text-danger\">Concluso<\/span>                                                                        <span class=\"data\">\n                                        <svg class=\"icon icon-secondary\">\n                                            <use xlink:href=\"https:\/\/iicvilnius.esteri.it\/wp-content\/themes\/sedi-tema\/assets\/svg\/sprites.svg#it-calendar\"><\/use>\n                                        <\/svg> Gio 19 Mar 2026                                    <\/span>\n                                                                    <\/div>\n                            <h5 class=\"card-title big-heading text-uppercase\"><a class=\"text-body text-decoration-none\" href=\"https:\/\/iicvilnius.esteri.it\/it\/gli_eventi\/calendario\/concerto-giullari-di-dio\/\" title=\"Concerto \u201cGiullari di Dio\u201d\">Concerto \u201cGiullari di Dio\u201d<\/a><\/h5>\n                            <p class=\"card-text\">L\u2019Ambasciata d\u2019Italia, la Nunziatura Apostolica, il Museo Nazionale \u2013 Palazzo dei Granduchi di Lituania e l\u2019Istituto Italiano di Cultura a Vilnius sono lieti di presentare il concerto Giullari di Dio. Alle origini della lauda italiana nell\u2019ottavo centenario del transito di San Francesco, in programma gioved\u00ec 19 marzo 2026 dalle ore 18.00 alle 19.30, presso la [&hellip;]<\/p>\n                                <a title=\"Concerto \u201cGiullari di Dio\u201d\" class=\"read-more\" href=\"https:\/\/iicvilnius.esteri.it\/it\/gli_eventi\/calendario\/concerto-giullari-di-dio\/\">\n                                    <span class=\"text\">Leggi di pi\u00f9<\/span>\n                                    <svg class=\"icon\">\n                                    <use xlink:href=\"https:\/\/iicvilnius.esteri.it\/wp-content\/themes\/sedi-tema\/assets\/svg\/sprites.svg#it-arrow-right\"><\/use>\n                                    <\/svg>\n                                <\/a>\n                                                        <\/div>\n                                                    <\/div>\n                    <\/div>\n                <\/div>\n                <!--end card-->\n                <\/div><!-- col-12 .mt-3-->\n                            <div class=\"col-12 mt-3\">\n                <!--start card-->\n                <div class=\"card-wrapper card-space\">\n                    <div class=\"card card-bg card-big border-bottom-card\">\n                        <div class=\"card-body row\">\n                                                    <div class=\"col-sm-3\">\n                                <div class=\"img-responsive\">\n                                    <figure class=\"img-wrapper\">\n                                        <a href=\"https:\/\/iicvilnius.esteri.it\/it\/gli_eventi\/calendario\/eco-eco-eco-a-world-wide-talk-for-umberto\/\" title=\"Leggi l'articolo: Eco Eco Eco \u2013 A World-Wide Talk for Umberto\">\n                                                                                            <img loading=\"lazy\" decoding=\"async\" width=\"300\" height=\"199\" src=\"https:\/\/iicvilnius.esteri.it\/wp-content\/uploads\/2026\/02\/Photo\u00a92009Musee-du-Louvre_AngeleDequier-300x199.jpg\" srcset=\"https:\/\/iicvilnius.esteri.it\/wp-content\/uploads\/2026\/02\/Photo\u00a92009Musee-du-Louvre_AngeleDequier.jpg 1920w, https:\/\/iicvilnius.esteri.it\/wp-content\/uploads\/2026\/02\/Photo\u00a92009Musee-du-Louvre_AngeleDequier-300x199.jpg 300w, https:\/\/iicvilnius.esteri.it\/wp-content\/uploads\/2026\/02\/Photo\u00a92009Musee-du-Louvre_AngeleDequier-1024x681.jpg 1024w, https:\/\/iicvilnius.esteri.it\/wp-content\/uploads\/2026\/02\/Photo\u00a92009Musee-du-Louvre_AngeleDequier-768x510.jpg 768w\" sizes=\"auto, (max-width: 1920px) 100vw, 1920px\"  title=\"Photo\u00a92009Mus\u00e9e du Louvre_Ang\u00e8leDequier\" alt=\"\" class=\"img-fluid\">\n                                                                                    <\/a>\n                                    <\/figure>\n                                <\/div>\n                            <\/div>\n                            <div class=\"col-sm-9\">\n                                                            <div class=\"category-top\">\n                                    <span class=\"fw-bold text-danger\">Concluso<\/span>                                                                        <span class=\"data\">\n                                        <svg class=\"icon icon-secondary\">\n                                            <use xlink:href=\"https:\/\/iicvilnius.esteri.it\/wp-content\/themes\/sedi-tema\/assets\/svg\/sprites.svg#it-calendar\"><\/use>\n                                        <\/svg> Mer 18 Feb 2026<svg class=\"icon icon-xs icon-secondary me-1 ms-1\"><use href=\"https:\/\/iicvilnius.esteri.it\/wp-content\/themes\/sedi-tema\/assets\/svg\/sprites.svg#it-arrow-right\"><\/use><\/svg>Gio 19 Feb 2026                                    <\/span>\n                                                                    <\/div>\n                            <h5 class=\"card-title big-heading text-uppercase\"><a class=\"text-body text-decoration-none\" href=\"https:\/\/iicvilnius.esteri.it\/it\/gli_eventi\/calendario\/eco-eco-eco-a-world-wide-talk-for-umberto\/\" title=\"Eco Eco Eco \u2013 A World-Wide Talk for Umberto\">Eco Eco Eco \u2013 A World-Wide Talk for Umberto<\/a><\/h5>\n                            <p class=\"card-text\">A dieci anni dalla scomparsa di Umberto Eco, la Famiglia Eco, la Fondazione Umberto Eco e la Fondazione Bottega Finzioni promuovono Eco Eco Eco \u2013 A World-Wide Talk for Umberto, una maratona digitale globale di 24 ore che trasformer\u00e0 la memoria del Professore in un dialogo corale aperto al mondo. L\u2019iniziativa segna simbolicamente la fine [&hellip;]<\/p>\n                                <a title=\"Eco Eco Eco \u2013 A World-Wide Talk for Umberto\" class=\"read-more\" href=\"https:\/\/iicvilnius.esteri.it\/it\/gli_eventi\/calendario\/eco-eco-eco-a-world-wide-talk-for-umberto\/\">\n                                    <span class=\"text\">Leggi di pi\u00f9<\/span>\n                                    <svg class=\"icon\">\n                                    <use xlink:href=\"https:\/\/iicvilnius.esteri.it\/wp-content\/themes\/sedi-tema\/assets\/svg\/sprites.svg#it-arrow-right\"><\/use>\n                                    <\/svg>\n                                <\/a>\n                                                        <\/div>\n                                                    <\/div>\n                    <\/div>\n                <\/div>\n                <!--end card-->\n                <\/div><!-- col-12 .mt-3-->\n                            <div class=\"col-12 mt-3\">\n                <!--start card-->\n                <div class=\"card-wrapper card-space\">\n                    <div class=\"card card-bg card-big border-bottom-card\">\n                        <div class=\"card-body row\">\n                                                    <div class=\"col-sm-3\">\n                                <div class=\"img-responsive\">\n                                    <figure class=\"img-wrapper\">\n                                        <a href=\"https:\/\/iicvilnius.esteri.it\/it\/gli_eventi\/calendario\/inaugurazione-della-sala-dedicata-ad-amilcare-ponchielli\/\" title=\"Leggi l'articolo: Inaugurazione della sala dedicata ad Amilcare Ponchielli\">\n                                                                                            <img loading=\"lazy\" decoding=\"async\" width=\"300\" height=\"200\" src=\"https:\/\/iicvilnius.esteri.it\/wp-content\/uploads\/2026\/02\/Sala-Amilcare-Ponchielli-300x200.jpg\" srcset=\"https:\/\/iicvilnius.esteri.it\/wp-content\/uploads\/2026\/02\/Sala-Amilcare-Ponchielli.jpg 1600w, https:\/\/iicvilnius.esteri.it\/wp-content\/uploads\/2026\/02\/Sala-Amilcare-Ponchielli-300x200.jpg 300w, https:\/\/iicvilnius.esteri.it\/wp-content\/uploads\/2026\/02\/Sala-Amilcare-Ponchielli-1024x682.jpg 1024w, https:\/\/iicvilnius.esteri.it\/wp-content\/uploads\/2026\/02\/Sala-Amilcare-Ponchielli-768x512.jpg 768w\" sizes=\"auto, (max-width: 1600px) 100vw, 1600px\"  title=\"Sala Amilcare Ponchielli\" alt=\"\" class=\"img-fluid\">\n                                                                                    <\/a>\n                                    <\/figure>\n                                <\/div>\n                            <\/div>\n                            <div class=\"col-sm-9\">\n                                                            <div class=\"category-top\">\n                                    <span class=\"fw-bold text-danger\">Concluso<\/span>                                                                        <span class=\"data\">\n                                        <svg class=\"icon icon-secondary\">\n                                            <use xlink:href=\"https:\/\/iicvilnius.esteri.it\/wp-content\/themes\/sedi-tema\/assets\/svg\/sprites.svg#it-calendar\"><\/use>\n                                        <\/svg> Gio 29 Gen 2026                                    <\/span>\n                                                                    <\/div>\n                            <h5 class=\"card-title big-heading text-uppercase\"><a class=\"text-body text-decoration-none\" href=\"https:\/\/iicvilnius.esteri.it\/it\/gli_eventi\/calendario\/inaugurazione-della-sala-dedicata-ad-amilcare-ponchielli\/\" title=\"Inaugurazione della sala dedicata ad Amilcare Ponchielli\">Inaugurazione della sala dedicata ad Amilcare Ponchielli<\/a><\/h5>\n                            <p class=\"card-text\">Gioved\u00ec 29 gennaio all\u2019Istituto Italiano di Cultura di Vilnius \u00e8 stata inaugurata la sala dedicata al compositore italiano Amilcare Ponchielli (1834-1886), autore dell\u2019opera \u201cI Lituani\u201d. In occasione della cerimonia di svelamento della targa commemorativa, l\u2019Ambasciatore Emanuele de Maigret ha sottolineato la volont\u00e0 di creare uno spazio vivo e polivalente per favorire collaborazioni artistiche e culturali [&hellip;]<\/p>\n                                <a title=\"Inaugurazione della sala dedicata ad Amilcare Ponchielli\" class=\"read-more\" href=\"https:\/\/iicvilnius.esteri.it\/it\/gli_eventi\/calendario\/inaugurazione-della-sala-dedicata-ad-amilcare-ponchielli\/\">\n                                    <span class=\"text\">Leggi di pi\u00f9<\/span>\n                                    <svg class=\"icon\">\n                                    <use xlink:href=\"https:\/\/iicvilnius.esteri.it\/wp-content\/themes\/sedi-tema\/assets\/svg\/sprites.svg#it-arrow-right\"><\/use>\n                                    <\/svg>\n                                <\/a>\n                                                        <\/div>\n                                                    <\/div>\n                    <\/div>\n                <\/div>\n                <!--end card-->\n                <\/div><!-- col-12 .mt-3-->\n                            <div class=\"col-12 mt-3\">\n                <!--start card-->\n                <div class=\"card-wrapper card-space\">\n                    <div class=\"card card-bg card-big border-bottom-card\">\n                        <div class=\"card-body row\">\n                                                    <div class=\"col-sm-3\">\n                                <div class=\"img-responsive\">\n                                    <figure class=\"img-wrapper\">\n                                        <a href=\"https:\/\/iicvilnius.esteri.it\/it\/gli_eventi\/calendario\/giornate-italiane-concerto-di-francesca-bonaita-violino-e-aram-khacheh-direttore-dorchestra\/\" title=\"Leggi l'articolo: \u201cGiornate italiane\u201d: concerto di Francesca Bonaita (violino) e Aram Khacheh (direttore d&#8217;orchestra)\">\n                                                                                            <img loading=\"lazy\" decoding=\"async\" width=\"300\" height=\"157\" src=\"https:\/\/iicvilnius.esteri.it\/wp-content\/uploads\/2025\/11\/FB-event-02-300x157.jpg\" srcset=\"https:\/\/iicvilnius.esteri.it\/wp-content\/uploads\/2025\/11\/FB-event-02.jpg 1920w, https:\/\/iicvilnius.esteri.it\/wp-content\/uploads\/2025\/11\/FB-event-02-300x157.jpg 300w, https:\/\/iicvilnius.esteri.it\/wp-content\/uploads\/2025\/11\/FB-event-02-1024x536.jpg 1024w, https:\/\/iicvilnius.esteri.it\/wp-content\/uploads\/2025\/11\/FB-event-02-768x402.jpg 768w\" sizes=\"auto, (max-width: 1920px) 100vw, 1920px\"  title=\"FB event-02\" alt=\"\" class=\"img-fluid\">\n                                                                                    <\/a>\n                                    <\/figure>\n                                <\/div>\n                            <\/div>\n                            <div class=\"col-sm-9\">\n                                                            <div class=\"category-top\">\n                                    <span class=\"fw-bold text-danger\">Concluso<\/span>                                                                        <span class=\"data\">\n                                        <svg class=\"icon icon-secondary\">\n                                            <use xlink:href=\"https:\/\/iicvilnius.esteri.it\/wp-content\/themes\/sedi-tema\/assets\/svg\/sprites.svg#it-calendar\"><\/use>\n                                        <\/svg> Sab 06 Dic 2025                                    <\/span>\n                                                                    <\/div>\n                            <h5 class=\"card-title big-heading text-uppercase\"><a class=\"text-body text-decoration-none\" href=\"https:\/\/iicvilnius.esteri.it\/it\/gli_eventi\/calendario\/giornate-italiane-concerto-di-francesca-bonaita-violino-e-aram-khacheh-direttore-dorchestra\/\" title=\"\u201cGiornate italiane\u201d: concerto di Francesca Bonaita (violino) e Aram Khacheh (direttore d&#8217;orchestra)\">\u201cGiornate italiane\u201d: concerto di Francesca Bonaita (violino) e Aram Khacheh (direttore d&#8217;orchestra)<\/a><\/h5>\n                            <p class=\"card-text\">Orchestra da Camera di Klaip\u0117da Direttore Artistico Mindaugas Ba\u010dkus Francesca Bonaita (violino, Italia) Direttore d\u2019orchestra Aram Khacheh (Italia) Il temperamento italiano, l&#8217;espressivit\u00e0 romantica e il fascino giovanile dei talenti animeranno la sala concerti di Klaip\u0117da in occasione del festival di musica classica \u201cSalve Musica\u201d. La sera del 6 dicembre si svolger\u00e0 il concerto \u201cGiornate italiane\u201c, [&hellip;]<\/p>\n                                <a title=\"\u201cGiornate italiane\u201d: concerto di Francesca Bonaita (violino) e Aram Khacheh (direttore d&#8217;orchestra)\" class=\"read-more\" href=\"https:\/\/iicvilnius.esteri.it\/it\/gli_eventi\/calendario\/giornate-italiane-concerto-di-francesca-bonaita-violino-e-aram-khacheh-direttore-dorchestra\/\">\n                                    <span class=\"text\">Leggi di pi\u00f9<\/span>\n                                    <svg class=\"icon\">\n                                    <use xlink:href=\"https:\/\/iicvilnius.esteri.it\/wp-content\/themes\/sedi-tema\/assets\/svg\/sprites.svg#it-arrow-right\"><\/use>\n                                    <\/svg>\n                                <\/a>\n                                                        <\/div>\n                                                    <\/div>\n                    <\/div>\n                <\/div>\n                <!--end card-->\n                <\/div><!-- col-12 .mt-3-->\n                            <div class=\"col-12 mt-3\">\n                <!--start card-->\n                <div class=\"card-wrapper card-space\">\n                    <div class=\"card card-bg card-big border-bottom-card\">\n                        <div class=\"card-body row\">\n                                                    <div class=\"col-sm-3\">\n                                <div class=\"img-responsive\">\n                                    <figure class=\"img-wrapper\">\n                                        <a href=\"https:\/\/iicvilnius.esteri.it\/it\/gli_eventi\/calendario\/festival-di-drammaturgia-contemporanea-versme\/\" title=\"Leggi l'articolo: Festival di drammaturgia contemporanea \u201cVersm\u0117\u201d\">\n                                                                                            <img loading=\"lazy\" decoding=\"async\" width=\"300\" height=\"166\" src=\"https:\/\/iicvilnius.esteri.it\/wp-content\/uploads\/2025\/11\/86versmeslndt_slideshow-300x166.jpg\" srcset=\"https:\/\/iicvilnius.esteri.it\/wp-content\/uploads\/2025\/11\/86versmeslndt_slideshow.jpg 1450w, https:\/\/iicvilnius.esteri.it\/wp-content\/uploads\/2025\/11\/86versmeslndt_slideshow-300x166.jpg 300w, https:\/\/iicvilnius.esteri.it\/wp-content\/uploads\/2025\/11\/86versmeslndt_slideshow-1024x565.jpg 1024w, https:\/\/iicvilnius.esteri.it\/wp-content\/uploads\/2025\/11\/86versmeslndt_slideshow-768x424.jpg 768w\" sizes=\"auto, (max-width: 1450px) 100vw, 1450px\"  title=\"86versmeslndt_slideshow\" alt=\"\" class=\"img-fluid\">\n                                                                                    <\/a>\n                                    <\/figure>\n                                <\/div>\n                            <\/div>\n                            <div class=\"col-sm-9\">\n                                                            <div class=\"category-top\">\n                                    <span class=\"fw-bold text-danger\">Concluso<\/span>                                                                        <span class=\"data\">\n                                        <svg class=\"icon icon-secondary\">\n                                            <use xlink:href=\"https:\/\/iicvilnius.esteri.it\/wp-content\/themes\/sedi-tema\/assets\/svg\/sprites.svg#it-calendar\"><\/use>\n                                        <\/svg> Lun 24 Nov 2025<svg class=\"icon icon-xs icon-secondary me-1 ms-1\"><use href=\"https:\/\/iicvilnius.esteri.it\/wp-content\/themes\/sedi-tema\/assets\/svg\/sprites.svg#it-arrow-right\"><\/use><\/svg>Ven 28 Nov 2025                                    <\/span>\n                                                                    <\/div>\n                            <h5 class=\"card-title big-heading text-uppercase\"><a class=\"text-body text-decoration-none\" href=\"https:\/\/iicvilnius.esteri.it\/it\/gli_eventi\/calendario\/festival-di-drammaturgia-contemporanea-versme\/\" title=\"Festival di drammaturgia contemporanea \u201cVersm\u0117\u201d\">Festival di drammaturgia contemporanea \u201cVersm\u0117\u201d<\/a><\/h5>\n                            <p class=\"card-text\">Il 25 novembre, al Teatro Drammatico Nazionale Lituano, prende il via il festival di drammaturgia contemporanea \u201cVersm\u0117\u201d. Come ogni autunno, il pubblico \u00e8 invitato a scoprire le opere di nuovi e promettenti drammaturghi lituani e a partecipare alle letture di testi teatrali tradotti, che presentano la drammaturgia di un Paese ospite e il suo panorama [&hellip;]<\/p>\n                                <a title=\"Festival di drammaturgia contemporanea \u201cVersm\u0117\u201d\" class=\"read-more\" href=\"https:\/\/iicvilnius.esteri.it\/it\/gli_eventi\/calendario\/festival-di-drammaturgia-contemporanea-versme\/\">\n                                    <span class=\"text\">Leggi di pi\u00f9<\/span>\n                                    <svg class=\"icon\">\n                                    <use xlink:href=\"https:\/\/iicvilnius.esteri.it\/wp-content\/themes\/sedi-tema\/assets\/svg\/sprites.svg#it-arrow-right\"><\/use>\n                                    <\/svg>\n                                <\/a>\n                                                        <\/div>\n                                                    <\/div>\n                    <\/div>\n                <\/div>\n                <!--end card-->\n                <\/div><!-- col-12 .mt-3-->\n                            <div class=\"col-12 mt-3\">\n                <!--start card-->\n                <div class=\"card-wrapper card-space\">\n                    <div class=\"card card-bg card-big border-bottom-card\">\n                        <div class=\"card-body row\">\n                                                    <div class=\"col-sm-3\">\n                                <div class=\"img-responsive\">\n                                    <figure class=\"img-wrapper\">\n                                        <a href=\"https:\/\/iicvilnius.esteri.it\/it\/gli_eventi\/calendario\/festival-creator-island-childrens-book-island\/\" title=\"Leggi l'articolo: Festival Creator Island \/ Children&#8217;s Book Island\">\n                                                                                            <img loading=\"lazy\" decoding=\"async\" width=\"300\" height=\"132\" src=\"https:\/\/iicvilnius.esteri.it\/wp-content\/uploads\/2025\/11\/Vaiku-knygu-sala-300x132.jpg\" srcset=\"https:\/\/iicvilnius.esteri.it\/wp-content\/uploads\/2025\/11\/Vaiku-knygu-sala.jpg 1641w, https:\/\/iicvilnius.esteri.it\/wp-content\/uploads\/2025\/11\/Vaiku-knygu-sala-300x132.jpg 300w, https:\/\/iicvilnius.esteri.it\/wp-content\/uploads\/2025\/11\/Vaiku-knygu-sala-1024x449.jpg 1024w, https:\/\/iicvilnius.esteri.it\/wp-content\/uploads\/2025\/11\/Vaiku-knygu-sala-768x337.jpg 768w\" sizes=\"auto, (max-width: 1641px) 100vw, 1641px\"  title=\"Vaiku knygu sala\" alt=\"\" class=\"img-fluid\">\n                                                                                    <\/a>\n                                    <\/figure>\n                                <\/div>\n                            <\/div>\n                            <div class=\"col-sm-9\">\n                                                            <div class=\"category-top\">\n                                    <span class=\"fw-bold text-danger\">Concluso<\/span>                                                                        <span class=\"data\">\n                                        <svg class=\"icon icon-secondary\">\n                                            <use xlink:href=\"https:\/\/iicvilnius.esteri.it\/wp-content\/themes\/sedi-tema\/assets\/svg\/sprites.svg#it-calendar\"><\/use>\n                                        <\/svg> Mer 19 Nov 2025<svg class=\"icon icon-xs icon-secondary me-1 ms-1\"><use href=\"https:\/\/iicvilnius.esteri.it\/wp-content\/themes\/sedi-tema\/assets\/svg\/sprites.svg#it-arrow-right\"><\/use><\/svg>Dom 23 Nov 2025                                    <\/span>\n                                                                    <\/div>\n                            <h5 class=\"card-title big-heading text-uppercase\"><a class=\"text-body text-decoration-none\" href=\"https:\/\/iicvilnius.esteri.it\/it\/gli_eventi\/calendario\/festival-creator-island-childrens-book-island\/\" title=\"Festival Creator Island \/ Children&#8217;s Book Island\">Festival Creator Island \/ Children&#8217;s Book Island<\/a><\/h5>\n                            <p class=\"card-text\">Il nostro Paese \u00e8 stato scelto come ospite d\u2019onore in occasione di due eventi dedicati alla letteratura per i pi\u00f9 giovani: i CREATOR ISLAND \u2013 Children&#8217;s Literature Industry Days (K\u016aR\u0116J\u0172 SALA, dal 19 al 21 novembre), e il festival CHILDREN\u2019S BOOK ISLAND (VAIK\u0172 KNYG\u0172 SALA, 22 e 23 novembre). Entrambi gli eventi ruotano attorno al [&hellip;]<\/p>\n                                <a title=\"Festival Creator Island \/ Children&#8217;s Book Island\" class=\"read-more\" href=\"https:\/\/iicvilnius.esteri.it\/it\/gli_eventi\/calendario\/festival-creator-island-childrens-book-island\/\">\n                                    <span class=\"text\">Leggi di pi\u00f9<\/span>\n                                    <svg class=\"icon\">\n                                    <use xlink:href=\"https:\/\/iicvilnius.esteri.it\/wp-content\/themes\/sedi-tema\/assets\/svg\/sprites.svg#it-arrow-right\"><\/use>\n                                    <\/svg>\n                                <\/a>\n                                                        <\/div>\n                                                    <\/div>\n                    <\/div>\n                <\/div>\n                <!--end card-->\n                <\/div><!-- col-12 .mt-3-->\n                            <div class=\"col-12 mt-3\">\n                <!--start card-->\n                <div class=\"card-wrapper card-space\">\n                    <div class=\"card card-bg card-big border-bottom-card\">\n                        <div class=\"card-body row\">\n                                                    <div class=\"col-sm-3\">\n                                <div class=\"img-responsive\">\n                                    <figure class=\"img-wrapper\">\n                                        <a href=\"https:\/\/iicvilnius.esteri.it\/it\/gli_eventi\/calendario\/nel-programma-del-festival-scanorama-la-retrospettiva-dedicata-a-liliana-cavani-la-ribelle-del-cinema\/\" title=\"Leggi l'articolo: Nel programma del festival Scanorama, la retrospettiva dedicata a Liliana Cavani, la &#8220;ribelle&#8221; del cinema\">\n                                                                                            <img loading=\"lazy\" decoding=\"async\" width=\"300\" height=\"158\" src=\"https:\/\/iicvilnius.esteri.it\/wp-content\/uploads\/2025\/10\/Horizontal-post-300x158.png\" srcset=\"https:\/\/iicvilnius.esteri.it\/wp-content\/uploads\/2025\/10\/Horizontal-post.png 1200w, https:\/\/iicvilnius.esteri.it\/wp-content\/uploads\/2025\/10\/Horizontal-post-300x158.png 300w, https:\/\/iicvilnius.esteri.it\/wp-content\/uploads\/2025\/10\/Horizontal-post-1024x538.png 1024w, https:\/\/iicvilnius.esteri.it\/wp-content\/uploads\/2025\/10\/Horizontal-post-768x403.png 768w\" sizes=\"auto, (max-width: 1200px) 100vw, 1200px\"  title=\"Horizontal post\" alt=\"\" class=\"img-fluid\">\n                                                                                    <\/a>\n                                    <\/figure>\n                                <\/div>\n                            <\/div>\n                            <div class=\"col-sm-9\">\n                                                            <div class=\"category-top\">\n                                    <span class=\"fw-bold text-danger\">Concluso<\/span>                                                                        <span class=\"data\">\n                                        <svg class=\"icon icon-secondary\">\n                                            <use xlink:href=\"https:\/\/iicvilnius.esteri.it\/wp-content\/themes\/sedi-tema\/assets\/svg\/sprites.svg#it-calendar\"><\/use>\n                                        <\/svg> Gio 06 Nov 2025<svg class=\"icon icon-xs icon-secondary me-1 ms-1\"><use href=\"https:\/\/iicvilnius.esteri.it\/wp-content\/themes\/sedi-tema\/assets\/svg\/sprites.svg#it-arrow-right\"><\/use><\/svg>Dom 23 Nov 2025                                    <\/span>\n                                                                    <\/div>\n                            <h5 class=\"card-title big-heading text-uppercase\"><a class=\"text-body text-decoration-none\" href=\"https:\/\/iicvilnius.esteri.it\/it\/gli_eventi\/calendario\/nel-programma-del-festival-scanorama-la-retrospettiva-dedicata-a-liliana-cavani-la-ribelle-del-cinema\/\" title=\"Nel programma del festival Scanorama, la retrospettiva dedicata a Liliana Cavani, la &#8220;ribelle&#8221; del cinema\">Nel programma del festival Scanorama, la retrospettiva dedicata a Liliana Cavani, la &#8220;ribelle&#8221; del cinema<\/a><\/h5>\n                            <p class=\"card-text\">Nel periodo 6-23 Novembre in diverse citt\u00e0 della Lituania si svolger\u00e0 il festival cinematografico europeo Scanorama. Quest\u2019anno la tradizionale sezione Da vicino del programma del festival \u00e8 dedicata a una delle pi\u00f9 brillanti registe del mondo, la Maestra Liliana Cavani. La retrospettiva dei film della leggendaria regista offre uno sguardo profondo su un&#8217;autrice che non [&hellip;]<\/p>\n                                <a title=\"Nel programma del festival Scanorama, la retrospettiva dedicata a Liliana Cavani, la &#8220;ribelle&#8221; del cinema\" class=\"read-more\" href=\"https:\/\/iicvilnius.esteri.it\/it\/gli_eventi\/calendario\/nel-programma-del-festival-scanorama-la-retrospettiva-dedicata-a-liliana-cavani-la-ribelle-del-cinema\/\">\n                                    <span class=\"text\">Leggi di pi\u00f9<\/span>\n                                    <svg class=\"icon\">\n                                    <use xlink:href=\"https:\/\/iicvilnius.esteri.it\/wp-content\/themes\/sedi-tema\/assets\/svg\/sprites.svg#it-arrow-right\"><\/use>\n                                    <\/svg>\n                                <\/a>\n                                                        <\/div>\n                                                    <\/div>\n                    <\/div>\n                <\/div>\n                <!--end card-->\n                <\/div><!-- col-12 .mt-3-->\n                            <div class=\"col-12 mt-3\">\n                <!--start card-->\n                <div class=\"card-wrapper card-space\">\n                    <div class=\"card card-bg card-big border-bottom-card\">\n                        <div class=\"card-body row\">\n                                                    <div class=\"col-sm-3\">\n                                <div class=\"img-responsive\">\n                                    <figure class=\"img-wrapper\">\n                                        <a href=\"https:\/\/iicvilnius.esteri.it\/it\/gli_eventi\/calendario\/pulcinella-affamato\/\" title=\"Leggi l'articolo: Pulcinella affamato\">\n                                                                                            <img loading=\"lazy\" decoding=\"async\" width=\"300\" height=\"170\" src=\"https:\/\/iicvilnius.esteri.it\/wp-content\/uploads\/2025\/10\/Jacques-Callot_Balli-di-Sfessania-300x170.jpg\" srcset=\"https:\/\/iicvilnius.esteri.it\/wp-content\/uploads\/2025\/10\/Jacques-Callot_Balli-di-Sfessania.jpg 1238w, https:\/\/iicvilnius.esteri.it\/wp-content\/uploads\/2025\/10\/Jacques-Callot_Balli-di-Sfessania-300x170.jpg 300w, https:\/\/iicvilnius.esteri.it\/wp-content\/uploads\/2025\/10\/Jacques-Callot_Balli-di-Sfessania-1024x581.jpg 1024w, https:\/\/iicvilnius.esteri.it\/wp-content\/uploads\/2025\/10\/Jacques-Callot_Balli-di-Sfessania-768x435.jpg 768w\" sizes=\"auto, (max-width: 1238px) 100vw, 1238px\"  title=\"Jacques Callot_Balli di Sfessania\" alt=\"\" class=\"img-fluid\">\n                                                                                    <\/a>\n                                    <\/figure>\n                                <\/div>\n                            <\/div>\n                            <div class=\"col-sm-9\">\n                                                            <div class=\"category-top\">\n                                    <span class=\"fw-bold text-danger\">Concluso<\/span>                                                                        <span class=\"data\">\n                                        <svg class=\"icon icon-secondary\">\n                                            <use xlink:href=\"https:\/\/iicvilnius.esteri.it\/wp-content\/themes\/sedi-tema\/assets\/svg\/sprites.svg#it-calendar\"><\/use>\n                                        <\/svg> Ven 24 Ott 2025                                    <\/span>\n                                                                    <\/div>\n                            <h5 class=\"card-title big-heading text-uppercase\"><a class=\"text-body text-decoration-none\" href=\"https:\/\/iicvilnius.esteri.it\/it\/gli_eventi\/calendario\/pulcinella-affamato\/\" title=\"Pulcinella affamato\">Pulcinella affamato<\/a><\/h5>\n                            <p class=\"card-text\">Un collage fantasioso dalla tradizione della commedia dell\u2019arte con testi di Gianni Rodari ed Eduardo Scarpetta, musiche di Niccol\u00f2 Jommelli e Wolfgang Amadeus Mozart. Docenti: Annarita Poliseno, Fausto Tuscano Partecipanti: studenti delle Cattedre di Canto e di Cordofoni dell\u2019Accademia di musica e teatro della Lituania Immaginiamo di essere in una piazza davanti a un Palazzo [&hellip;]<\/p>\n                                <a title=\"Pulcinella affamato\" class=\"read-more\" href=\"https:\/\/iicvilnius.esteri.it\/it\/gli_eventi\/calendario\/pulcinella-affamato\/\">\n                                    <span class=\"text\">Leggi di pi\u00f9<\/span>\n                                    <svg class=\"icon\">\n                                    <use xlink:href=\"https:\/\/iicvilnius.esteri.it\/wp-content\/themes\/sedi-tema\/assets\/svg\/sprites.svg#it-arrow-right\"><\/use>\n                                    <\/svg>\n                                <\/a>\n                                                        <\/div>\n                                                    <\/div>\n                    <\/div>\n                <\/div>\n                <!--end card-->\n                <\/div><!-- col-12 .mt-3-->\n                            <div class=\"col-12 mt-3\">\n                <!--start card-->\n                <div class=\"card-wrapper card-space\">\n                    <div class=\"card card-bg card-big border-bottom-card\">\n                        <div class=\"card-body row\">\n                                                    <div class=\"col-sm-3\">\n                                <div class=\"img-responsive\">\n                                    <figure class=\"img-wrapper\">\n                                        <a href=\"https:\/\/iicvilnius.esteri.it\/it\/gli_eventi\/calendario\/italofonia-lingua-oltre-i-confini\/\" title=\"Leggi l'articolo: Italofonia: lingua oltre i confini\">\n                                                                                            <img loading=\"lazy\" decoding=\"async\" width=\"300\" height=\"138\" src=\"https:\/\/iicvilnius.esteri.it\/wp-content\/uploads\/2025\/10\/All.-2-Logo-SLIM_positivo-300x138.png\" srcset=\"https:\/\/iicvilnius.esteri.it\/wp-content\/uploads\/2025\/10\/All.-2-Logo-SLIM_positivo.png 1772w, https:\/\/iicvilnius.esteri.it\/wp-content\/uploads\/2025\/10\/All.-2-Logo-SLIM_positivo-300x138.png 300w, https:\/\/iicvilnius.esteri.it\/wp-content\/uploads\/2025\/10\/All.-2-Logo-SLIM_positivo-1024x472.png 1024w, https:\/\/iicvilnius.esteri.it\/wp-content\/uploads\/2025\/10\/All.-2-Logo-SLIM_positivo-768x354.png 768w\" sizes=\"auto, (max-width: 1772px) 100vw, 1772px\"  title=\"All. 2 Logo SLIM_positivo\" alt=\"\" class=\"img-fluid\">\n                                                                                    <\/a>\n                                    <\/figure>\n                                <\/div>\n                            <\/div>\n                            <div class=\"col-sm-9\">\n                                                            <div class=\"category-top\">\n                                    <span class=\"fw-bold text-danger\">Concluso<\/span>                                                                        <span class=\"data\">\n                                        <svg class=\"icon icon-secondary\">\n                                            <use xlink:href=\"https:\/\/iicvilnius.esteri.it\/wp-content\/themes\/sedi-tema\/assets\/svg\/sprites.svg#it-calendar\"><\/use>\n                                        <\/svg> Lun 20 Ott 2025<svg class=\"icon icon-xs icon-secondary me-1 ms-1\"><use href=\"https:\/\/iicvilnius.esteri.it\/wp-content\/themes\/sedi-tema\/assets\/svg\/sprites.svg#it-arrow-right\"><\/use><\/svg>Ven 24 Ott 2025                                    <\/span>\n                                                                    <\/div>\n                            <h5 class=\"card-title big-heading text-uppercase\"><a class=\"text-body text-decoration-none\" href=\"https:\/\/iicvilnius.esteri.it\/it\/gli_eventi\/calendario\/italofonia-lingua-oltre-i-confini\/\" title=\"Italofonia: lingua oltre i confini\">Italofonia: lingua oltre i confini<\/a><\/h5>\n                            <p class=\"card-text\">La XXV Settimana della Lingua Italiana nel Mondo si celebra a Vilnius dal 20 al 24 ottobre 2025, con il titolo \u201cItalofonia: lingua oltre i confini,\u201d ad opera dell\u2019Ambasciata d\u2019Italia a Vilnius, dell\u2019Istituto Italiano di Cultura e della Facolt\u00e0 di Filologia, Dipartimento di Linguistica e Letteratura Italiana dell\u2019Ateneo di Vilnius. Partner dello spettacolo &#8220;Pulcinella Affamato&#8221;: [&hellip;]<\/p>\n                                <a title=\"Italofonia: lingua oltre i confini\" class=\"read-more\" href=\"https:\/\/iicvilnius.esteri.it\/it\/gli_eventi\/calendario\/italofonia-lingua-oltre-i-confini\/\">\n                                    <span class=\"text\">Leggi di pi\u00f9<\/span>\n                                    <svg class=\"icon\">\n                                    <use xlink:href=\"https:\/\/iicvilnius.esteri.it\/wp-content\/themes\/sedi-tema\/assets\/svg\/sprites.svg#it-arrow-right\"><\/use>\n                                    <\/svg>\n                                <\/a>\n                                                        <\/div>\n                                                    <\/div>\n                    <\/div>\n                <\/div>\n                <!--end card-->\n                <\/div><!-- col-12 .mt-3-->\n            \n            <div class=\"col-md-12 mt-4 pb-4\">\n                <nav class=\"navigation col-md-12\" aria-label=\"Navigation\">\n                    <h2 class=\"screen-reader-text visually-hidden\">Paginazione<\/h2>\n                    <div class=\"nav-links\">\n                    <span aria-current=\"page\" class=\"page-numbers current\">1<\/span>\n<a class=\"page-numbers\" href=\"https:\/\/iicvilnius.esteri.it\/it\/wp-json\/wp\/v2\/pages\/1538\/?pag=2\">2<\/a>\n<a class=\"page-numbers\" href=\"https:\/\/iicvilnius.esteri.it\/it\/wp-json\/wp\/v2\/pages\/1538\/?pag=3\">3<\/a>\n<span class=\"page-numbers dots\">&hellip;<\/span>\n<a class=\"page-numbers\" href=\"https:\/\/iicvilnius.esteri.it\/it\/wp-json\/wp\/v2\/pages\/1538\/?pag=45\">45<\/a>\n<a class=\"next page-numbers\" href=\"https:\/\/iicvilnius.esteri.it\/it\/wp-json\/wp\/v2\/pages\/1538\/?pag=2\"><svg class=\"icon icon-primary\"><use xlink:href=\"https:\/\/iicvilnius.esteri.it\/wp-content\/themes\/sedi-tema\/assets\/svg\/sprites.svg#it-chevron-right\"><\/use><\/svg>\n                                    <span class=\"visually-hidden\">Pagina successiva<\/span><\/a>                    <\/div>\n                <\/nav>\n            <\/div>   <!--.col-md-12 -->\n              <\/div><!--.row -->\n              \n","protected":false},"excerpt":{"rendered":"","protected":false},"author":1,"featured_media":0,"parent":17,"menu_order":0,"comment_status":"closed","ping_status":"closed","template":"","meta":{"footnotes":""},"class_list":["post-1538","page","type-page","status-publish","hentry"],"_links":{"self":[{"href":"https:\/\/iicvilnius.esteri.it\/it\/wp-json\/wp\/v2\/pages\/1538","targetHints":{"allow":["GET"]}}],"collection":[{"href":"https:\/\/iicvilnius.esteri.it\/it\/wp-json\/wp\/v2\/pages"}],"about":[{"href":"https:\/\/iicvilnius.esteri.it\/it\/wp-json\/wp\/v2\/types\/page"}],"author":[{"embeddable":true,"href":"https:\/\/iicvilnius.esteri.it\/it\/wp-json\/wp\/v2\/users\/1"}],"replies":[{"embeddable":true,"href":"https:\/\/iicvilnius.esteri.it\/it\/wp-json\/wp\/v2\/comments?post=1538"}],"version-history":[{"count":1,"href":"https:\/\/iicvilnius.esteri.it\/it\/wp-json\/wp\/v2\/pages\/1538\/revisions"}],"predecessor-version":[{"id":1541,"href":"https:\/\/iicvilnius.esteri.it\/it\/wp-json\/wp\/v2\/pages\/1538\/revisions\/1541"}],"up":[{"embeddable":true,"href":"https:\/\/iicvilnius.esteri.it\/it\/wp-json\/wp\/v2\/pages\/17"}],"wp:attachment":[{"href":"https:\/\/iicvilnius.esteri.it\/it\/wp-json\/wp\/v2\/media?parent=1538"}],"curies":[{"name":"wp","href":"https:\/\/api.w.org\/{rel}","templated":true}]}}