{"id":104,"date":"2023-04-03T20:31:58","date_gmt":"2023-04-03T17:31:58","guid":{"rendered":"https:\/\/iicvilnius.esteri.it\/news\/"},"modified":"2023-09-07T19:45:41","modified_gmt":"2023-09-07T16:45:41","slug":"news","status":"publish","type":"page","link":"https:\/\/iicvilnius.esteri.it\/lt\/news\/","title":{"rendered":"Naujienos"},"content":{"rendered":"        <div class=\"row\">\n\t\t\t<!-- Ricerca sedi post -->\n\t\t\t<div class=\"col-12 mt-4\">\n\t\t\t  <div class=\"callout callout-highlight note ricerca-esteri p-4\">\n                    <div class=\"callout-title\">\n                        <svg class=\"icon\">\n                            <use xlink:href=\"https:\/\/iicvilnius.esteri.it\/wp-content\/themes\/sedi-tema\/assets\/svg\/sprites.svg#it-search\"><\/use>\n                        <\/svg>\u012eveskite paie\u0161kos parametrus                    <\/div>\n                    <form id=\"searchFormPost\" name=\"form-search-post\" class=\"form-row align-items-center\" action=\"https:\/\/iicvilnius.esteri.it\/lt\/wp-json\/wp\/v2\/pages\/104\/\" method=\"GET\"> \n                        <!-- <div class=\"form-group pt-5\"> -->\n                            <!-- <input type=\"hidden\" id=\"lang\" name=\"lang\" value=\"\"> --> <!-- <\/div> -->\n\n                        <div class=\"it-datepicker-wrapper\">\n                            <div class=\"row\">\n                                <div class=\"form-group col-md-6\">\n                                    <label class=\"active\" for=\"date-init\">Nuo<\/label>\n                                    <input class=\"form-control\" name=\"date-init\" id=\"date-init\" type=\"date\" placeholder=\"gg\/mm\/aaaa\" value=\"\"lang=\"en-EN\">  \n                                <\/div>\n                                <div class=\"form-group col-md-6\">\n                                    <label class=\"active\" for=\"date-end\">\u012e<\/label>\n                                    <input class=\"form-control\" name=\"date-end\" id=\"date-end\" type=\"date\" placeholder=\"gg\/mm\/aaaa\" value=\"\">\n                                <\/div>\n                            <\/div>\n                        <\/div>\n                        <div class=\"form-group col-md-12 mt-3\">\n                            <label for=\"searchText\">Campo ricerca libera<\/label>\n                            <input type=\"text\" name=\"searchText\" class=\"form-control\" id=\"searchText\" value=\"\">\n                        <\/div>\n                        <div class=\"form-group col-md-4 offset-md-8 text-end\">\n                            <a href=\"https:\/\/iicvilnius.esteri.it\/lt\/news\/\" title=\"Form reset\" id=\"resetImput\" class=\"btn btn-outline-primary btn-xs\">Reset<\/a>\n                            <button type=\"submit\" class=\"btn btn-primary btn-xs\">Mostra risultati<\/button>\n                        <\/div>\n                    <\/form>\n\t\t\t\t<\/div>\n\t\t\t<\/div>\n\t\t<\/div>\n                    \n            <div class=\"row\">\n                            <div class=\"col-12 mt-3\">\n                <!--start card-->\n                <div class=\"card-wrapper card-space\">\n                    <div class=\"card card-bg card-big border-bottom-card\">\n                        <div class=\"card-body \">\n                                                        <div class=\"category-top\">\n                                                                                                            <span class=\"\">\n                                        <svg class=\"icon icon-secondary\">\n                                            <use xlink:href=\"https:\/\/iicvilnius.esteri.it\/wp-content\/themes\/sedi-tema\/assets\/svg\/sprites.svg#it-calendar\"><\/use>\n                                        <\/svg> 17 kovo 2026                                    <\/span>\n                                                                    <\/div>\n                            <h5 class=\"card-title big-heading text-uppercase\"><a class=\"text-body text-decoration-none\" href=\"https:\/\/iicvilnius.esteri.it\/lt\/news\/dall_istituto\/2026\/03\/italijos-vyriausybes-stipendijos-2026-2027-m-m\/\" title=\"Italijos vyriausyb\u0117s stipendijos 2026-2027 m.m.\">Italijos vyriausyb\u0117s stipendijos 2026-2027 m.m.<\/a><\/h5>\n                            <p class=\"card-text\">Jau paskelbtas 2026\/2027 m.m. Italijos vyriausyb\u0117s stipendij\u0173, teikiam\u0173 studentams i\u0161 u\u017esienio \u0161ali\u0173 bei u\u017esienyje gyvenantiems Italijos pilie\u010diams (IRE), konkursas. Lietuvos kandidatai gali teikti parai\u0161kas 9 m\u0117nesi\u0173 stipendijoms \u0161ioms programoms: 2 met\u0173 magistro studijos (Laurea magistrale), meno ir muzikos studijos auk\u0161tojo mokslo institucijose (AFAM), doktorant\u016bra (Dottorato di Ricerca) ir mokslo ir tyrim\u0173 programos su darbo vadovu, [&hellip;]<\/p>\n                                <a title=\"Italijos vyriausyb\u0117s stipendijos 2026-2027 m.m.\" class=\"read-more\" href=\"https:\/\/iicvilnius.esteri.it\/lt\/news\/dall_istituto\/2026\/03\/italijos-vyriausybes-stipendijos-2026-2027-m-m\/\">\n                                    <span class=\"text\">Pla\u010diau<\/span>\n                                    <svg class=\"icon\">\n                                    <use xlink:href=\"https:\/\/iicvilnius.esteri.it\/wp-content\/themes\/sedi-tema\/assets\/svg\/sprites.svg#it-arrow-right\"><\/use>\n                                    <\/svg>\n                                <\/a>\n                                                    <\/div>\n                    <\/div>\n                <\/div>\n                <!--end card-->\n                <\/div><!-- col-12 .mt-3-->\n                            <div class=\"col-12 mt-3\">\n                <!--start card-->\n                <div class=\"card-wrapper card-space\">\n                    <div class=\"card card-bg card-big border-bottom-card\">\n                        <div class=\"card-body \">\n                                                        <div class=\"category-top\">\n                                                                                                            <span class=\"\">\n                                        <svg class=\"icon icon-secondary\">\n                                            <use xlink:href=\"https:\/\/iicvilnius.esteri.it\/wp-content\/themes\/sedi-tema\/assets\/svg\/sprites.svg#it-calendar\"><\/use>\n                                        <\/svg> 24 vasario 2026                                    <\/span>\n                                                                    <\/div>\n                            <h5 class=\"card-title big-heading text-uppercase\"><a class=\"text-body text-decoration-none\" href=\"https:\/\/iicvilnius.esteri.it\/lt\/news\/dall_istituto\/2026\/02\/parama-italisku-knygu-vertimams\/\" title=\"Parama itali\u0161k\u0173 knyg\u0173 vertimams\">Parama itali\u0161k\u0173 knyg\u0173 vertimams<\/a><\/h5>\n                            <p class=\"card-text\">Siekdama populiarinti ital\u0173 literat\u016br\u0105, Italijos U\u017esienio reikal\u0173 ir tarptautinio bendradarbiavimo ministerija skiria premijas bei param\u0105 ital\u0173 gro\u017ein\u0117s ir mokslin\u0117s literat\u016bros vertimams, o taip pat masin\u0117ms informavimo priemon\u0117ms skirt\u0173 trumpametra\u017eini\u0173, pilno metra\u017eo film\u0173 ir televizijos serial\u0173 dubliavimui ir subtitravimui. Su 2026 m. s\u0105lygomis galite susipa\u017einti \u010cIA<\/p>\n                                <a title=\"Parama itali\u0161k\u0173 knyg\u0173 vertimams\" class=\"read-more\" href=\"https:\/\/iicvilnius.esteri.it\/lt\/news\/dall_istituto\/2026\/02\/parama-italisku-knygu-vertimams\/\">\n                                    <span class=\"text\">Pla\u010diau<\/span>\n                                    <svg class=\"icon\">\n                                    <use xlink:href=\"https:\/\/iicvilnius.esteri.it\/wp-content\/themes\/sedi-tema\/assets\/svg\/sprites.svg#it-arrow-right\"><\/use>\n                                    <\/svg>\n                                <\/a>\n                                                    <\/div>\n                    <\/div>\n                <\/div>\n                <!--end card-->\n                <\/div><!-- col-12 .mt-3-->\n                            <div class=\"col-12 mt-3\">\n                <!--start card-->\n                <div class=\"card-wrapper card-space\">\n                    <div class=\"card card-bg card-big border-bottom-card\">\n                        <div class=\"card-body \">\n                                                        <div class=\"category-top\">\n                                                                                                            <span class=\"\">\n                                        <svg class=\"icon icon-secondary\">\n                                            <use xlink:href=\"https:\/\/iicvilnius.esteri.it\/wp-content\/themes\/sedi-tema\/assets\/svg\/sprites.svg#it-calendar\"><\/use>\n                                        <\/svg> 19 vasario 2026                                    <\/span>\n                                                                    <\/div>\n                            <h5 class=\"card-title big-heading text-uppercase\"><a class=\"text-body text-decoration-none\" href=\"https:\/\/iicvilnius.esteri.it\/lt\/news\/dall_istituto\/2026\/02\/pranesimas-apie-instituto-veiklos-remima\/\" title=\"Prane\u0161imas apie Instituto \u200b\u200bveiklos r\u0117mim\u0105\">Prane\u0161imas apie Instituto \u200b\u200bveiklos r\u0117mim\u0105<\/a><\/h5>\n                            <p class=\"card-text\">Ital\u0173 kult\u016bros institutas Vilniuje \u0161iuo vie\u0161u prane\u0161imu ir su juo susijusiais priedais kvie\u010dia vie\u0161uosius ir (arba) priva\u010dius subjektus i\u0161reik\u0161ti savo nor\u0105 remti \u0161i\u0173 ir kit\u0173 rengini\u0173 organizavim\u0105: Respublikos dienos min\u0117jimas Renginiai, skirti Italijos kult\u016bros ir mokslo skatinimui \u0160uolaikinio meno diena Ital\u0173 kalbos savait\u0117 kitos iniciatyvos, susijusios su itali\u0161k\u0173 produkt\u0173 sklaida AVVISO-sponsor_LT All-1-dichiarazione-requisiti-di-ordine-generale_LT All.2_LT<\/p>\n                                <a title=\"Prane\u0161imas apie Instituto \u200b\u200bveiklos r\u0117mim\u0105\" class=\"read-more\" href=\"https:\/\/iicvilnius.esteri.it\/lt\/news\/dall_istituto\/2026\/02\/pranesimas-apie-instituto-veiklos-remima\/\">\n                                    <span class=\"text\">Pla\u010diau<\/span>\n                                    <svg class=\"icon\">\n                                    <use xlink:href=\"https:\/\/iicvilnius.esteri.it\/wp-content\/themes\/sedi-tema\/assets\/svg\/sprites.svg#it-arrow-right\"><\/use>\n                                    <\/svg>\n                                <\/a>\n                                                    <\/div>\n                    <\/div>\n                <\/div>\n                <!--end card-->\n                <\/div><!-- col-12 .mt-3-->\n                            <div class=\"col-12 mt-3\">\n                <!--start card-->\n                <div class=\"card-wrapper card-space\">\n                    <div class=\"card card-bg card-big border-bottom-card\">\n                        <div class=\"card-body \">\n                                                        <div class=\"category-top\">\n                                                                                                            <span class=\"\">\n                                        <svg class=\"icon icon-secondary\">\n                                            <use xlink:href=\"https:\/\/iicvilnius.esteri.it\/wp-content\/themes\/sedi-tema\/assets\/svg\/sprites.svg#it-calendar\"><\/use>\n                                        <\/svg> 28 sausio 2026                                    <\/span>\n                                                                    <\/div>\n                            <h5 class=\"card-title big-heading text-uppercase\"><a class=\"text-body text-decoration-none\" href=\"https:\/\/iicvilnius.esteri.it\/lt\/news\/dall_istituto\/2026\/01\/samuelis-bakas-italijoje-siuolaikinio-meno-dialogai\/\" title=\"Samuelis Bakas Italijoje: \u0161iuolaikinio meno dialogai\">Samuelis Bakas Italijoje: \u0161iuolaikinio meno dialogai<\/a><\/h5>\n                            <p class=\"card-text\">Siekiant pagerbti Holokausto auk\u0173 atminimo dien\u0105, 2026 m. sausio 27 d. Italijos ambasadorius Lietuvoje Emanuele de Maigret Italijos ambasadoje Vilniuje atidar\u0117 laikin\u0105 vieno k\u016brinio parod\u0105. Parodoje eksponuojamas Holokaust\u0105 i\u0161gyvenusio litvak\u0173 dailininko Samuelio Bako paveikslas \u201eItalianite\u201c, kur\u012f jis suk\u016br\u0117 gyvendamas Romoje 7-tajame de\u0161imtmetyje. Projekt\u0105, pavadinimu \u201eSamuelis Bakas Italijoje: \u0161iuolaikinio meno dialogai\u201c, jau antrus metus i\u0161 eil\u0117s [&hellip;]<\/p>\n                                <a title=\"Samuelis Bakas Italijoje: \u0161iuolaikinio meno dialogai\" class=\"read-more\" href=\"https:\/\/iicvilnius.esteri.it\/lt\/news\/dall_istituto\/2026\/01\/samuelis-bakas-italijoje-siuolaikinio-meno-dialogai\/\">\n                                    <span class=\"text\">Pla\u010diau<\/span>\n                                    <svg class=\"icon\">\n                                    <use xlink:href=\"https:\/\/iicvilnius.esteri.it\/wp-content\/themes\/sedi-tema\/assets\/svg\/sprites.svg#it-arrow-right\"><\/use>\n                                    <\/svg>\n                                <\/a>\n                                                    <\/div>\n                    <\/div>\n                <\/div>\n                <!--end card-->\n                <\/div><!-- col-12 .mt-3-->\n                            <div class=\"col-12 mt-3\">\n                <!--start card-->\n                <div class=\"card-wrapper card-space\">\n                    <div class=\"card card-bg card-big border-bottom-card\">\n                        <div class=\"card-body \">\n                                                        <div class=\"category-top\">\n                                                                                                            <span class=\"\">\n                                        <svg class=\"icon icon-secondary\">\n                                            <use xlink:href=\"https:\/\/iicvilnius.esteri.it\/wp-content\/themes\/sedi-tema\/assets\/svg\/sprites.svg#it-calendar\"><\/use>\n                                        <\/svg> 10 gruod\u017eio 2025                                    <\/span>\n                                                                    <\/div>\n                            <h5 class=\"card-title big-heading text-uppercase\"><a class=\"text-body text-decoration-none\" href=\"https:\/\/iicvilnius.esteri.it\/lt\/news\/dall_istituto\/2025\/12\/konkursas-i-viena-darbo-vieta-institute-2\/\" title=\"Konkursas \u012f vien\u0105 darbo viet\u0105 Institute\">Konkursas \u012f vien\u0105 darbo viet\u0105 Institute<\/a><\/h5>\n                            <p class=\"card-text\">Ital\u0173 kult\u016bros insitutas skelbia konkurs\u0105 vienam darbuotojui priimti pagal neterminuot\u0105 darbo sutart\u012f. Parai\u0161k\u0173 teikimo terminas yra prat\u0119stas iki sausio 26 d. 23 val. 59 min.\u00a0 KONKURSO S\u0104LYGOS PARAI\u0160KOS FORMA GRADUATORIA IDONEI 2026<\/p>\n                                <a title=\"Konkursas \u012f vien\u0105 darbo viet\u0105 Institute\" class=\"read-more\" href=\"https:\/\/iicvilnius.esteri.it\/lt\/news\/dall_istituto\/2025\/12\/konkursas-i-viena-darbo-vieta-institute-2\/\">\n                                    <span class=\"text\">Pla\u010diau<\/span>\n                                    <svg class=\"icon\">\n                                    <use xlink:href=\"https:\/\/iicvilnius.esteri.it\/wp-content\/themes\/sedi-tema\/assets\/svg\/sprites.svg#it-arrow-right\"><\/use>\n                                    <\/svg>\n                                <\/a>\n                                                    <\/div>\n                    <\/div>\n                <\/div>\n                <!--end card-->\n                <\/div><!-- col-12 .mt-3-->\n                            <div class=\"col-12 mt-3\">\n                <!--start card-->\n                <div class=\"card-wrapper card-space\">\n                    <div class=\"card card-bg card-big border-bottom-card\">\n                        <div class=\"card-body \">\n                                                        <div class=\"category-top\">\n                                                                                                            <span class=\"\">\n                                        <svg class=\"icon icon-secondary\">\n                                            <use xlink:href=\"https:\/\/iicvilnius.esteri.it\/wp-content\/themes\/sedi-tema\/assets\/svg\/sprites.svg#it-calendar\"><\/use>\n                                        <\/svg> 16 spalio 2025                                    <\/span>\n                                                                    <\/div>\n                            <h5 class=\"card-title big-heading text-uppercase\"><a class=\"text-body text-decoration-none\" href=\"https:\/\/iicvilnius.esteri.it\/lt\/news\/dall_istituto\/2025\/10\/konkursas-i-viena-darbo-vieta-institute\/\" title=\"Konkursas \u012f vien\u0105 darbo viet\u0105 Institute\">Konkursas \u012f vien\u0105 darbo viet\u0105 Institute<\/a><\/h5>\n                            <p class=\"card-text\">Ital\u0173 kult\u016bros insitutas skelbia konkurs\u0105 vienam darbuotojui priimti pagal neterminuot\u0105 darbo sutart\u012f. Parai\u0161kas galima teikti iki 2025 m. spalio 31 d.<\/p>\n                                <a title=\"Konkursas \u012f vien\u0105 darbo viet\u0105 Institute\" class=\"read-more\" href=\"https:\/\/iicvilnius.esteri.it\/lt\/news\/dall_istituto\/2025\/10\/konkursas-i-viena-darbo-vieta-institute\/\">\n                                    <span class=\"text\">Pla\u010diau<\/span>\n                                    <svg class=\"icon\">\n                                    <use xlink:href=\"https:\/\/iicvilnius.esteri.it\/wp-content\/themes\/sedi-tema\/assets\/svg\/sprites.svg#it-arrow-right\"><\/use>\n                                    <\/svg>\n                                <\/a>\n                                                    <\/div>\n                    <\/div>\n                <\/div>\n                <!--end card-->\n                <\/div><!-- col-12 .mt-3-->\n                            <div class=\"col-12 mt-3\">\n                <!--start card-->\n                <div class=\"card-wrapper card-space\">\n                    <div class=\"card card-bg card-big border-bottom-card\">\n                        <div class=\"card-body \">\n                                                        <div class=\"category-top\">\n                                                                                                            <span class=\"\">\n                                        <svg class=\"icon icon-secondary\">\n                                            <use xlink:href=\"https:\/\/iicvilnius.esteri.it\/wp-content\/themes\/sedi-tema\/assets\/svg\/sprites.svg#it-calendar\"><\/use>\n                                        <\/svg> 25 rugs\u0117jo 2025                                    <\/span>\n                                                                    <\/div>\n                            <h5 class=\"card-title big-heading text-uppercase\"><a class=\"text-body text-decoration-none\" href=\"https:\/\/iicvilnius.esteri.it\/lt\/news\/dall_istituto\/2025\/09\/europos-kalbu-diena\/\" title=\"Europos kalb\u0173 diena\">Europos kalb\u0173 diena<\/a><\/h5>\n                            <p class=\"card-text\">Rugs\u0117jo 26 d. pamin\u0117sime Europos kalb\u0173 dien\u0105. \u0160vent\u0117, kuri\u0105 organizuoja Valstyb\u0117s institucij\u0173 kalb\u0173 centras, vyks Seimo lankytoj\u0173 centre ir Vilniaus Vy\u010dio gimnazijoje. Nuo 13 val. Vy\u010dio gimnazijoje vyks renginys &#8222;Pasimatymas su kalbomis&#8221;, kurio metu moksleiviai tur\u0117s prog\u0105 susipa\u017einti net su 13 kalb\u0173, taip pat ir ital\u0173, kuri\u0105 pristatys Ital\u0173 kult\u016bros instituto d\u0117stytojas Matteo Notari 13.30 [&hellip;]<\/p>\n                                <a title=\"Europos kalb\u0173 diena\" class=\"read-more\" href=\"https:\/\/iicvilnius.esteri.it\/lt\/news\/dall_istituto\/2025\/09\/europos-kalbu-diena\/\">\n                                    <span class=\"text\">Pla\u010diau<\/span>\n                                    <svg class=\"icon\">\n                                    <use xlink:href=\"https:\/\/iicvilnius.esteri.it\/wp-content\/themes\/sedi-tema\/assets\/svg\/sprites.svg#it-arrow-right\"><\/use>\n                                    <\/svg>\n                                <\/a>\n                                                    <\/div>\n                    <\/div>\n                <\/div>\n                <!--end card-->\n                <\/div><!-- col-12 .mt-3-->\n                            <div class=\"col-12 mt-3\">\n                <!--start card-->\n                <div class=\"card-wrapper card-space\">\n                    <div class=\"card card-bg card-big border-bottom-card\">\n                        <div class=\"card-body \">\n                                                        <div class=\"category-top\">\n                                                                                                            <span class=\"\">\n                                        <svg class=\"icon icon-secondary\">\n                                            <use xlink:href=\"https:\/\/iicvilnius.esteri.it\/wp-content\/themes\/sedi-tema\/assets\/svg\/sprites.svg#it-calendar\"><\/use>\n                                        <\/svg> 18 rugs\u0117jo 2025                                    <\/span>\n                                                                    <\/div>\n                            <h5 class=\"card-title big-heading text-uppercase\"><a class=\"text-body text-decoration-none\" href=\"https:\/\/iicvilnius.esteri.it\/lt\/news\/dall_istituto\/2025\/09\/italu-dienos-kaune\/\" title=\"Ital\u0173 dienos Kaune\">Ital\u0173 dienos Kaune<\/a><\/h5>\n                            <p class=\"card-text\">Nuo rugs\u0117jo 18 iki 20 dienos Kaunas nusida\u017eo Italijos v\u0117liavos spalvomis! J\u016bs\u0173 laukia trys dienos, skirtos Italijos menui, muzikai, kinui ir virtuvei. \u0160ia proga Italijos kult\u016bros institutas ir Italijos ambasada si\u016blo du kino seansus i\u0161 Enrico Vanzina kuruojamos film\u0173 programos \u201eItali\u0161kos komedijos meistrai\u201c: \u201cKlasiokai\u201d (1988), kur\u012f re\u017eisavo bei pagrindin\u012f vaidmen\u012f atliko legendinis ital\u0173 komikas Carlo [&hellip;]<\/p>\n                                <a title=\"Ital\u0173 dienos Kaune\" class=\"read-more\" href=\"https:\/\/iicvilnius.esteri.it\/lt\/news\/dall_istituto\/2025\/09\/italu-dienos-kaune\/\">\n                                    <span class=\"text\">Pla\u010diau<\/span>\n                                    <svg class=\"icon\">\n                                    <use xlink:href=\"https:\/\/iicvilnius.esteri.it\/wp-content\/themes\/sedi-tema\/assets\/svg\/sprites.svg#it-arrow-right\"><\/use>\n                                    <\/svg>\n                                <\/a>\n                                                    <\/div>\n                    <\/div>\n                <\/div>\n                <!--end card-->\n                <\/div><!-- col-12 .mt-3-->\n                            <div class=\"col-12 mt-3\">\n                <!--start card-->\n                <div class=\"card-wrapper card-space\">\n                    <div class=\"card card-bg card-big border-bottom-card\">\n                        <div class=\"card-body \">\n                                                        <div class=\"category-top\">\n                                                                                                            <span class=\"\">\n                                        <svg class=\"icon icon-secondary\">\n                                            <use xlink:href=\"https:\/\/iicvilnius.esteri.it\/wp-content\/themes\/sedi-tema\/assets\/svg\/sprites.svg#it-calendar\"><\/use>\n                                        <\/svg> 25 bir\u017eelio 2025                                    <\/span>\n                                                                    <\/div>\n                            <h5 class=\"card-title big-heading text-uppercase\"><a class=\"text-body text-decoration-none\" href=\"https:\/\/iicvilnius.esteri.it\/lt\/news\/dall_istituto\/2025\/06\/assunzione-impiegato-a-contratto-presso-listituto\/\" title=\"Konkursas \u012f vien\u0105 darbo viet\u0105 Institute\">Konkursas \u012f vien\u0105 darbo viet\u0105 Institute<\/a><\/h5>\n                            <p class=\"card-text\">Ital\u0173 kult\u016bros insitutas skelbia konkurs\u0105 vienam darbuotojui priimti pagal neterminuot\u0105 darbo sutart\u012f. Parai\u0161kas galima teikti iki 2025 m. liepos 25 d.<\/p>\n                                <a title=\"Konkursas \u012f vien\u0105 darbo viet\u0105 Institute\" class=\"read-more\" href=\"https:\/\/iicvilnius.esteri.it\/lt\/news\/dall_istituto\/2025\/06\/assunzione-impiegato-a-contratto-presso-listituto\/\">\n                                    <span class=\"text\">Pla\u010diau<\/span>\n                                    <svg class=\"icon\">\n                                    <use xlink:href=\"https:\/\/iicvilnius.esteri.it\/wp-content\/themes\/sedi-tema\/assets\/svg\/sprites.svg#it-arrow-right\"><\/use>\n                                    <\/svg>\n                                <\/a>\n                                                    <\/div>\n                    <\/div>\n                <\/div>\n                <!--end card-->\n                <\/div><!-- col-12 .mt-3-->\n                            <div class=\"col-12 mt-3\">\n                <!--start card-->\n                <div class=\"card-wrapper card-space\">\n                    <div class=\"card card-bg card-big border-bottom-card\">\n                        <div class=\"card-body \">\n                                                        <div class=\"category-top\">\n                                                                                                            <span class=\"\">\n                                        <svg class=\"icon icon-secondary\">\n                                            <use xlink:href=\"https:\/\/iicvilnius.esteri.it\/wp-content\/themes\/sedi-tema\/assets\/svg\/sprites.svg#it-calendar\"><\/use>\n                                        <\/svg> 25 bir\u017eelio 2025                                    <\/span>\n                                                                    <\/div>\n                            <h5 class=\"card-title big-heading text-uppercase\"><a class=\"text-body text-decoration-none\" href=\"https:\/\/iicvilnius.esteri.it\/lt\/news\/dall_istituto\/2025\/06\/darbas-italu-kalbos-destytojams\/\" title=\"Darbas ital\u0173 kalbos d\u0117stytojams\">Darbas ital\u0173 kalbos d\u0117stytojams<\/a><\/h5>\n                            <p class=\"card-text\">\u00a0Ital\u0173 kult\u016bros institutas si\u016blo darb\u0105 ital\u0173 kalbos d\u0117stytojams 2025\/2026 m.m. Atsisi\u0173sti skelbim\u0105: AVVISO DOCENTI 2025-2026<\/p>\n                                <a title=\"Darbas ital\u0173 kalbos d\u0117stytojams\" class=\"read-more\" href=\"https:\/\/iicvilnius.esteri.it\/lt\/news\/dall_istituto\/2025\/06\/darbas-italu-kalbos-destytojams\/\">\n                                    <span class=\"text\">Pla\u010diau<\/span>\n                                    <svg class=\"icon\">\n                                    <use xlink:href=\"https:\/\/iicvilnius.esteri.it\/wp-content\/themes\/sedi-tema\/assets\/svg\/sprites.svg#it-arrow-right\"><\/use>\n                                    <\/svg>\n                                <\/a>\n                                                    <\/div>\n                    <\/div>\n                <\/div>\n                <!--end card-->\n                <\/div><!-- col-12 .mt-3-->\n            \n            <div class=\"col-md-12 mt-4 pb-4\">\n                <nav class=\"navigation col-md-12\" aria-label=\"Navigation\">\n                    <h2 class=\"screen-reader-text visually-hidden\">Paginazione<\/h2>\n                    <div class=\"nav-links\">\n                    <span aria-current=\"page\" class=\"page-numbers current\">1<\/span>\n<a class=\"page-numbers\" href=\"https:\/\/iicvilnius.esteri.it\/lt\/wp-json\/wp\/v2\/pages\/104\/?pag=2\">2<\/a>\n<a class=\"next page-numbers\" href=\"https:\/\/iicvilnius.esteri.it\/lt\/wp-json\/wp\/v2\/pages\/104\/?pag=2\"><svg class=\"icon icon-primary\"><use xlink:href=\"https:\/\/iicvilnius.esteri.it\/wp-content\/themes\/sedi-tema\/assets\/svg\/sprites.svg#it-chevron-right\"><\/use><\/svg>\n                                    <span class=\"visually-hidden\">Pagina successiva<\/span><\/a>                    <\/div>\n                <\/nav>\n            <\/div>   <!--.col-md-12 -->\n              <\/div><!--.row -->\n              \n","protected":false},"excerpt":{"rendered":"","protected":false},"author":1,"featured_media":0,"parent":0,"menu_order":8,"comment_status":"closed","ping_status":"closed","template":"","meta":{"footnotes":""},"class_list":["post-104","page","type-page","status-publish","hentry"],"_links":{"self":[{"href":"https:\/\/iicvilnius.esteri.it\/lt\/wp-json\/wp\/v2\/pages\/104","targetHints":{"allow":["GET"]}}],"collection":[{"href":"https:\/\/iicvilnius.esteri.it\/lt\/wp-json\/wp\/v2\/pages"}],"about":[{"href":"https:\/\/iicvilnius.esteri.it\/lt\/wp-json\/wp\/v2\/types\/page"}],"author":[{"embeddable":true,"href":"https:\/\/iicvilnius.esteri.it\/lt\/wp-json\/wp\/v2\/users\/1"}],"replies":[{"embeddable":true,"href":"https:\/\/iicvilnius.esteri.it\/lt\/wp-json\/wp\/v2\/comments?post=104"}],"version-history":[{"count":3,"href":"https:\/\/iicvilnius.esteri.it\/lt\/wp-json\/wp\/v2\/pages\/104\/revisions"}],"predecessor-version":[{"id":290,"href":"https:\/\/iicvilnius.esteri.it\/lt\/wp-json\/wp\/v2\/pages\/104\/revisions\/290"}],"wp:attachment":[{"href":"https:\/\/iicvilnius.esteri.it\/lt\/wp-json\/wp\/v2\/media?parent=104"}],"curies":[{"name":"wp","href":"https:\/\/api.w.org\/{rel}","templated":true}]}}