{"id":1542,"date":"2024-07-19T13:43:11","date_gmt":"2024-07-19T10:43:11","guid":{"rendered":"https:\/\/iicvilnius.esteri.it\/gli_eventi\/archivio-eventi\/"},"modified":"2024-11-20T18:17:31","modified_gmt":"2024-11-20T16:17:31","slug":"archivio-eventi","status":"publish","type":"page","link":"https:\/\/iicvilnius.esteri.it\/lt\/gli_eventi\/archivio-eventi\/","title":{"rendered":"Rengini\u0173 archyvas"},"content":{"rendered":"        <div class=\"row\">\n\t\t\t<!-- Ricerca sedi post -->\n\t\t\t<div class=\"col-12 mt-4\">\n\t\t\t  <div class=\"callout callout-highlight note ricerca-esteri p-4\">\n                    <div class=\"callout-title\">\n                        <svg class=\"icon\">\n                            <use xlink:href=\"https:\/\/iicvilnius.esteri.it\/wp-content\/themes\/sedi-tema\/assets\/svg\/sprites.svg#it-search\"><\/use>\n                        <\/svg>\u012eveskite paie\u0161kos parametrus                    <\/div>\n                    <form id=\"searchFormPost\" name=\"form-search-post\" class=\"form-row align-items-center\" action=\"https:\/\/iicvilnius.esteri.it\/lt\/wp-json\/wp\/v2\/pages\/1542\/\" method=\"GET\"> \n                        <!-- <div class=\"form-group pt-5\"> -->\n                            <!-- <input type=\"hidden\" id=\"lang\" name=\"lang\" value=\"\"> --> <!-- <\/div> -->\n\n                        <div class=\"it-datepicker-wrapper\">\n                            <div class=\"row\">\n                                <div class=\"form-group col-md-6\">\n                                    <label class=\"active\" for=\"date-init\">Nuo<\/label>\n                                    <input class=\"form-control\" name=\"date-init\" id=\"date-init\" type=\"date\" placeholder=\"gg\/mm\/aaaa\" value=\"\"lang=\"en-EN\">  \n                                <\/div>\n                                <div class=\"form-group col-md-6\">\n                                    <label class=\"active\" for=\"date-end\">\u012e<\/label>\n                                    <input class=\"form-control\" name=\"date-end\" id=\"date-end\" type=\"date\" placeholder=\"gg\/mm\/aaaa\" value=\"\">\n                                <\/div>\n                            <\/div>\n                        <\/div>\n                        <div class=\"form-group col-md-12 mt-3\">\n                            <label for=\"searchText\">Campo ricerca libera<\/label>\n                            <input type=\"text\" name=\"searchText\" class=\"form-control\" id=\"searchText\" value=\"\">\n                        <\/div>\n                        <div class=\"form-group col-md-4 offset-md-8 text-end\">\n                            <a href=\"https:\/\/iicvilnius.esteri.it\/lt\/gli_eventi\/archivio-eventi\/\" title=\"Form reset\" id=\"resetImput\" class=\"btn btn-outline-primary btn-xs\">Reset<\/a>\n                            <button type=\"submit\" class=\"btn btn-primary btn-xs\">Mostra risultati<\/button>\n                        <\/div>\n                    <\/form>\n\t\t\t\t<\/div>\n\t\t\t<\/div>\n\t\t<\/div>\n                    \n            <div class=\"row\">\n                            <div class=\"col-12 mt-3\">\n                <!--start card-->\n                <div class=\"card-wrapper card-space\">\n                    <div class=\"card card-bg card-big border-bottom-card\">\n                        <div class=\"card-body row\">\n                                                    <div class=\"col-sm-3\">\n                                <div class=\"img-responsive\">\n                                    <figure class=\"img-wrapper\">\n                                        <a href=\"https:\/\/iicvilnius.esteri.it\/lt\/gli_eventi\/calendario\/technosofija-filosofija-ir-humanitarika-skaitmeniniame-amziuje-prof-maurizio-ferraris-ir-prof-jono-dagio-diskusija\/\" title=\"Perskaityk straipsn\u012f: Technosofija: filosofija ir humanitarika skaitmeniniame am\u017eiuje \u2013 prof. Maurizio Ferraris ir prof. Jono Dagio diskusija, minint IX-t\u0105j\u0105 \u201eItalijos mokslini\u0173 tyrim\u0173 pasaulyje\u201c dien\u0105\">\n                                                                                            <img loading=\"lazy\" decoding=\"async\" width=\"300\" height=\"169\" src=\"https:\/\/iicvilnius.esteri.it\/wp-content\/uploads\/2026\/03\/Discussione-Maurizio-Ferraris-300x169.png\" srcset=\"https:\/\/iicvilnius.esteri.it\/wp-content\/uploads\/2026\/03\/Discussione-Maurizio-Ferraris.png 1920w, https:\/\/iicvilnius.esteri.it\/wp-content\/uploads\/2026\/03\/Discussione-Maurizio-Ferraris-300x169.png 300w, https:\/\/iicvilnius.esteri.it\/wp-content\/uploads\/2026\/03\/Discussione-Maurizio-Ferraris-1024x576.png 1024w, https:\/\/iicvilnius.esteri.it\/wp-content\/uploads\/2026\/03\/Discussione-Maurizio-Ferraris-768x432.png 768w\" sizes=\"auto, (max-width: 1920px) 100vw, 1920px\"  title=\"Discussione Maurizio Ferraris\" alt=\"\" class=\"img-fluid\">\n                                                                                    <\/a>\n                                    <\/figure>\n                                <\/div>\n                            <\/div>\n                            <div class=\"col-sm-9\">\n                                                            <div class=\"category-top\">\n                                    <span class=\"fw-bold text-danger\">Pasibaig\u0119s<\/span>                                                                        <span class=\"data\">\n                                        <svg class=\"icon icon-secondary\">\n                                            <use xlink:href=\"https:\/\/iicvilnius.esteri.it\/wp-content\/themes\/sedi-tema\/assets\/svg\/sprites.svg#it-calendar\"><\/use>\n                                        <\/svg> Kt Bal 02 2026                                    <\/span>\n                                                                    <\/div>\n                            <h5 class=\"card-title big-heading text-uppercase\"><a class=\"text-body text-decoration-none\" href=\"https:\/\/iicvilnius.esteri.it\/lt\/gli_eventi\/calendario\/technosofija-filosofija-ir-humanitarika-skaitmeniniame-amziuje-prof-maurizio-ferraris-ir-prof-jono-dagio-diskusija\/\" title=\"Technosofija: filosofija ir humanitarika skaitmeniniame am\u017eiuje \u2013 prof. Maurizio Ferraris ir prof. Jono Dagio diskusija, minint IX-t\u0105j\u0105 \u201eItalijos mokslini\u0173 tyrim\u0173 pasaulyje\u201c dien\u0105\">Technosofija: filosofija ir humanitarika skaitmeniniame am\u017eiuje \u2013 prof. Maurizio Ferraris ir prof. Jono Dagio diskusija, minint IX-t\u0105j\u0105 \u201eItalijos mokslini\u0173 tyrim\u0173 pasaulyje\u201c dien\u0105<\/a><\/h5>\n                            <p class=\"card-text\">IX-osios \u201eItalijos mokslini\u0173 tyrim\u0173 pasaulyje dienos\u201c proga, bendradarbiaujant Vilniaus universitetui, Italijos ambasadai ir Ital\u0173 kult\u016bros institutui, \u012f Vilni\u0173 atvyksta \u017einomas ital\u0173 filosofas, Turino universiteto bei Harvardo, Oksfordo ir kit\u0173 svarbiausi\u0173 pasaulio auk\u0161t\u0173j\u0173 mokykl\u0173 vizituojantis profesorius Maurizio Ferraris. Baland\u017eio 1 d. \u0160v. Jon\u0173 ba\u017eny\u010dioje jam bus i\u0161kilmingai suteiktas Vilniaus universiteto garb\u0117s daktaro laipsnis, o baland\u017eio 2 [&hellip;]<\/p>\n                                <a title=\"Technosofija: filosofija ir humanitarika skaitmeniniame am\u017eiuje \u2013 prof. Maurizio Ferraris ir prof. Jono Dagio diskusija, minint IX-t\u0105j\u0105 \u201eItalijos mokslini\u0173 tyrim\u0173 pasaulyje\u201c dien\u0105\" class=\"read-more\" href=\"https:\/\/iicvilnius.esteri.it\/lt\/gli_eventi\/calendario\/technosofija-filosofija-ir-humanitarika-skaitmeniniame-amziuje-prof-maurizio-ferraris-ir-prof-jono-dagio-diskusija\/\">\n                                    <span class=\"text\">Pla\u010diau<\/span>\n                                    <svg class=\"icon\">\n                                    <use xlink:href=\"https:\/\/iicvilnius.esteri.it\/wp-content\/themes\/sedi-tema\/assets\/svg\/sprites.svg#it-arrow-right\"><\/use>\n                                    <\/svg>\n                                <\/a>\n                                                        <\/div>\n                                                    <\/div>\n                    <\/div>\n                <\/div>\n                <!--end card-->\n                <\/div><!-- col-12 .mt-3-->\n                            <div class=\"col-12 mt-3\">\n                <!--start card-->\n                <div class=\"card-wrapper card-space\">\n                    <div class=\"card card-bg card-big border-bottom-card\">\n                        <div class=\"card-body row\">\n                                                    <div class=\"col-sm-3\">\n                                <div class=\"img-responsive\">\n                                    <figure class=\"img-wrapper\">\n                                        <a href=\"https:\/\/iicvilnius.esteri.it\/lt\/gli_eventi\/calendario\/koncertas-dievo-juokdariai\/\" title=\"Perskaityk straipsn\u012f: Koncertas \u201eDievo juokdariai\u201c\">\n                                                                                            <img loading=\"lazy\" decoding=\"async\" width=\"300\" height=\"300\" src=\"https:\/\/iicvilnius.esteri.it\/wp-content\/uploads\/2026\/03\/Micrologus-300x300.png\" srcset=\"https:\/\/iicvilnius.esteri.it\/wp-content\/uploads\/2026\/03\/Micrologus.png 1000w, https:\/\/iicvilnius.esteri.it\/wp-content\/uploads\/2026\/03\/Micrologus-300x300.png 300w, https:\/\/iicvilnius.esteri.it\/wp-content\/uploads\/2026\/03\/Micrologus-150x150.png 150w, https:\/\/iicvilnius.esteri.it\/wp-content\/uploads\/2026\/03\/Micrologus-768x768.png 768w\" sizes=\"auto, (max-width: 1000px) 100vw, 1000px\"  title=\"Micrologus\" alt=\"\" class=\"img-fluid\">\n                                                                                    <\/a>\n                                    <\/figure>\n                                <\/div>\n                            <\/div>\n                            <div class=\"col-sm-9\">\n                                                            <div class=\"category-top\">\n                                    <span class=\"fw-bold text-danger\">Pasibaig\u0119s<\/span>                                                                        <span class=\"data\">\n                                        <svg class=\"icon icon-secondary\">\n                                            <use xlink:href=\"https:\/\/iicvilnius.esteri.it\/wp-content\/themes\/sedi-tema\/assets\/svg\/sprites.svg#it-calendar\"><\/use>\n                                        <\/svg> Kt Kov 19 2026                                    <\/span>\n                                                                    <\/div>\n                            <h5 class=\"card-title big-heading text-uppercase\"><a class=\"text-body text-decoration-none\" href=\"https:\/\/iicvilnius.esteri.it\/lt\/gli_eventi\/calendario\/koncertas-dievo-juokdariai\/\" title=\"Koncertas \u201eDievo juokdariai\u201c\">Koncertas \u201eDievo juokdariai\u201c<\/a><\/h5>\n                            <p class=\"card-text\">Italijos ambasada, Apa\u0161tali\u0161koji nunciat\u016bra, Nacionalinis Muziejus \u2013 Lietuvos Did\u017eiosios Kunigaik\u0161tyst\u0117s valdov\u0173 r\u016bmai ir Ital\u0173 kult\u016bros institutas Vilniuje pristato koncert\u0105 Dievo juokdariai. Ital\u0173 laudos i\u0161takos minint \u0160v. Pranci\u0161kaus mirties 800-\u0105sias metines, kuris vyks 2026 m. kovo 19 d., ketvirtadien\u012f, nuo 18.00 iki 19.30 val. Lietuvos Did\u017eiosios Kunigaik\u0161tyst\u0117s valdov\u0173 r\u016bm\u0173 Did\u017eiojoje renesansin\u0117je men\u0117je, dvyliktojo tarptautinio Marco Scacchi [&hellip;]<\/p>\n                                <a title=\"Koncertas \u201eDievo juokdariai\u201c\" class=\"read-more\" href=\"https:\/\/iicvilnius.esteri.it\/lt\/gli_eventi\/calendario\/koncertas-dievo-juokdariai\/\">\n                                    <span class=\"text\">Pla\u010diau<\/span>\n                                    <svg class=\"icon\">\n                                    <use xlink:href=\"https:\/\/iicvilnius.esteri.it\/wp-content\/themes\/sedi-tema\/assets\/svg\/sprites.svg#it-arrow-right\"><\/use>\n                                    <\/svg>\n                                <\/a>\n                                                        <\/div>\n                                                    <\/div>\n                    <\/div>\n                <\/div>\n                <!--end card-->\n                <\/div><!-- col-12 .mt-3-->\n                            <div class=\"col-12 mt-3\">\n                <!--start card-->\n                <div class=\"card-wrapper card-space\">\n                    <div class=\"card card-bg card-big border-bottom-card\">\n                        <div class=\"card-body row\">\n                                                    <div class=\"col-sm-3\">\n                                <div class=\"img-responsive\">\n                                    <figure class=\"img-wrapper\">\n                                        <a href=\"https:\/\/iicvilnius.esteri.it\/lt\/gli_eventi\/calendario\/eco-eco-eco-a-world-wide-talk-for-umberto\/\" title=\"Perskaityk straipsn\u012f: Eco Eco Eco \u2013 A World-Wide Talk for Umberto\">\n                                                                                            <img loading=\"lazy\" decoding=\"async\" width=\"300\" height=\"199\" src=\"https:\/\/iicvilnius.esteri.it\/wp-content\/uploads\/2026\/02\/Photo\u00a92009Musee-du-Louvre_AngeleDequier-300x199.jpg\" srcset=\"https:\/\/iicvilnius.esteri.it\/wp-content\/uploads\/2026\/02\/Photo\u00a92009Musee-du-Louvre_AngeleDequier.jpg 1920w, https:\/\/iicvilnius.esteri.it\/wp-content\/uploads\/2026\/02\/Photo\u00a92009Musee-du-Louvre_AngeleDequier-300x199.jpg 300w, https:\/\/iicvilnius.esteri.it\/wp-content\/uploads\/2026\/02\/Photo\u00a92009Musee-du-Louvre_AngeleDequier-1024x681.jpg 1024w, https:\/\/iicvilnius.esteri.it\/wp-content\/uploads\/2026\/02\/Photo\u00a92009Musee-du-Louvre_AngeleDequier-768x510.jpg 768w\" sizes=\"auto, (max-width: 1920px) 100vw, 1920px\"  title=\"Photo\u00a92009Mus\u00e9e du Louvre_Ang\u00e8leDequier\" alt=\"\" class=\"img-fluid\">\n                                                                                    <\/a>\n                                    <\/figure>\n                                <\/div>\n                            <\/div>\n                            <div class=\"col-sm-9\">\n                                                            <div class=\"category-top\">\n                                    <span class=\"fw-bold text-danger\">Pasibaig\u0119s<\/span>                                                                        <span class=\"data\">\n                                        <svg class=\"icon icon-secondary\">\n                                            <use xlink:href=\"https:\/\/iicvilnius.esteri.it\/wp-content\/themes\/sedi-tema\/assets\/svg\/sprites.svg#it-calendar\"><\/use>\n                                        <\/svg> Tr Vas 18 2026<svg class=\"icon icon-xs icon-secondary me-1 ms-1\"><use href=\"https:\/\/iicvilnius.esteri.it\/wp-content\/themes\/sedi-tema\/assets\/svg\/sprites.svg#it-arrow-right\"><\/use><\/svg>Kt Vas 19 2026                                    <\/span>\n                                                                    <\/div>\n                            <h5 class=\"card-title big-heading text-uppercase\"><a class=\"text-body text-decoration-none\" href=\"https:\/\/iicvilnius.esteri.it\/lt\/gli_eventi\/calendario\/eco-eco-eco-a-world-wide-talk-for-umberto\/\" title=\"Eco Eco Eco \u2013 A World-Wide Talk for Umberto\">Eco Eco Eco \u2013 A World-Wide Talk for Umberto<\/a><\/h5>\n                            <p class=\"card-text\">Pra\u0117jus de\u0161im\u010diai met\u0173 nuo Umberto Eco mirties, ra\u0161ytojo \u0161eima, Umberto Eco fondas ir Bottega Finzioni fondas rengia \u201cEco Eco Eco \u2013 A World-Wide Talk for Umberto\u201d &#8211; 24 valand\u0173 trukm\u0117s pasaulin\u012f skaitmenin\u012f maraton\u0105, kuris profesoriaus atminim\u0105 pavers pasauliui atviru daugiabalsiu dialogu. \u0160i iniciatyva simboli\u0161kai \u017eymi de\u0161imties met\u0173 tylos, pra\u0161ytos paties Umberto Eco, pabaig\u0105 ir kvie\u010dia [&hellip;]<\/p>\n                                <a title=\"Eco Eco Eco \u2013 A World-Wide Talk for Umberto\" class=\"read-more\" href=\"https:\/\/iicvilnius.esteri.it\/lt\/gli_eventi\/calendario\/eco-eco-eco-a-world-wide-talk-for-umberto\/\">\n                                    <span class=\"text\">Pla\u010diau<\/span>\n                                    <svg class=\"icon\">\n                                    <use xlink:href=\"https:\/\/iicvilnius.esteri.it\/wp-content\/themes\/sedi-tema\/assets\/svg\/sprites.svg#it-arrow-right\"><\/use>\n                                    <\/svg>\n                                <\/a>\n                                                        <\/div>\n                                                    <\/div>\n                    <\/div>\n                <\/div>\n                <!--end card-->\n                <\/div><!-- col-12 .mt-3-->\n                            <div class=\"col-12 mt-3\">\n                <!--start card-->\n                <div class=\"card-wrapper card-space\">\n                    <div class=\"card card-bg card-big border-bottom-card\">\n                        <div class=\"card-body row\">\n                                                    <div class=\"col-sm-3\">\n                                <div class=\"img-responsive\">\n                                    <figure class=\"img-wrapper\">\n                                        <a href=\"https:\/\/iicvilnius.esteri.it\/lt\/gli_eventi\/calendario\/amilcare-ponchielli-sales-atidarymas\/\" title=\"Perskaityk straipsn\u012f: Amilcare Ponchielli sal\u0117s atidarymas\">\n                                                                                            <img loading=\"lazy\" decoding=\"async\" width=\"300\" height=\"200\" src=\"https:\/\/iicvilnius.esteri.it\/wp-content\/uploads\/2026\/02\/Sala-Amilcare-Ponchielli-300x200.jpg\" srcset=\"https:\/\/iicvilnius.esteri.it\/wp-content\/uploads\/2026\/02\/Sala-Amilcare-Ponchielli.jpg 1600w, https:\/\/iicvilnius.esteri.it\/wp-content\/uploads\/2026\/02\/Sala-Amilcare-Ponchielli-300x200.jpg 300w, https:\/\/iicvilnius.esteri.it\/wp-content\/uploads\/2026\/02\/Sala-Amilcare-Ponchielli-1024x682.jpg 1024w, https:\/\/iicvilnius.esteri.it\/wp-content\/uploads\/2026\/02\/Sala-Amilcare-Ponchielli-768x512.jpg 768w\" sizes=\"auto, (max-width: 1600px) 100vw, 1600px\"  title=\"Sala Amilcare Ponchielli\" alt=\"\" class=\"img-fluid\">\n                                                                                    <\/a>\n                                    <\/figure>\n                                <\/div>\n                            <\/div>\n                            <div class=\"col-sm-9\">\n                                                            <div class=\"category-top\">\n                                    <span class=\"fw-bold text-danger\">Pasibaig\u0119s<\/span>                                                                        <span class=\"data\">\n                                        <svg class=\"icon icon-secondary\">\n                                            <use xlink:href=\"https:\/\/iicvilnius.esteri.it\/wp-content\/themes\/sedi-tema\/assets\/svg\/sprites.svg#it-calendar\"><\/use>\n                                        <\/svg> Kt Sau 29 2026                                    <\/span>\n                                                                    <\/div>\n                            <h5 class=\"card-title big-heading text-uppercase\"><a class=\"text-body text-decoration-none\" href=\"https:\/\/iicvilnius.esteri.it\/lt\/gli_eventi\/calendario\/amilcare-ponchielli-sales-atidarymas\/\" title=\"Amilcare Ponchielli sal\u0117s atidarymas\">Amilcare Ponchielli sal\u0117s atidarymas<\/a><\/h5>\n                            <p class=\"card-text\">Sausio 29 dien\u0105, ketvirtadien\u012f, Vilniaus Ital\u0173 kult\u016bros institute buvo atidaryta sal\u0117, pavadinta ital\u0173 kompozitoriaus Amilcare Ponchielli (1834\u20131886), operos \u201eLietuviai\u201c autoriaus, vardu. Per memorialin\u0117s lentos atidengimo ceremonij\u0105 Ambasadorius Emanuele de Maigret pabr\u0117\u017e\u0117 nor\u0105 sukurti gyv\u0105 ir daugiafunkcin\u0119 erdv\u0119, skatinan\u010di\u0105 dvi\u0161alius meninius bei kult\u016brinius mainus, skirt\u0105 taip pat ir 2025\u20132026 m. Italijos ir Lietuvos kult\u016bros met\u0173 veikloms. [&hellip;]<\/p>\n                                <a title=\"Amilcare Ponchielli sal\u0117s atidarymas\" class=\"read-more\" href=\"https:\/\/iicvilnius.esteri.it\/lt\/gli_eventi\/calendario\/amilcare-ponchielli-sales-atidarymas\/\">\n                                    <span class=\"text\">Pla\u010diau<\/span>\n                                    <svg class=\"icon\">\n                                    <use xlink:href=\"https:\/\/iicvilnius.esteri.it\/wp-content\/themes\/sedi-tema\/assets\/svg\/sprites.svg#it-arrow-right\"><\/use>\n                                    <\/svg>\n                                <\/a>\n                                                        <\/div>\n                                                    <\/div>\n                    <\/div>\n                <\/div>\n                <!--end card-->\n                <\/div><!-- col-12 .mt-3-->\n                            <div class=\"col-12 mt-3\">\n                <!--start card-->\n                <div class=\"card-wrapper card-space\">\n                    <div class=\"card card-bg card-big border-bottom-card\">\n                        <div class=\"card-body row\">\n                                                    <div class=\"col-sm-3\">\n                                <div class=\"img-responsive\">\n                                    <figure class=\"img-wrapper\">\n                                        <a href=\"https:\/\/iicvilnius.esteri.it\/lt\/gli_eventi\/calendario\/italu-dienos-francescos-bonaita-smuikas-ir-aramo-khacheh-dirigentas-koncertas\/\" title=\"Perskaityk straipsn\u012f: \u201eItal\u0173 dienos\u201c: Francescos Bonaita (smuikas) ir Aramo Khacheh (dirigentas) koncertas\">\n                                                                                            <img loading=\"lazy\" decoding=\"async\" width=\"300\" height=\"157\" src=\"https:\/\/iicvilnius.esteri.it\/wp-content\/uploads\/2025\/11\/FB-event-02-300x157.jpg\" srcset=\"https:\/\/iicvilnius.esteri.it\/wp-content\/uploads\/2025\/11\/FB-event-02.jpg 1920w, https:\/\/iicvilnius.esteri.it\/wp-content\/uploads\/2025\/11\/FB-event-02-300x157.jpg 300w, https:\/\/iicvilnius.esteri.it\/wp-content\/uploads\/2025\/11\/FB-event-02-1024x536.jpg 1024w, https:\/\/iicvilnius.esteri.it\/wp-content\/uploads\/2025\/11\/FB-event-02-768x402.jpg 768w\" sizes=\"auto, (max-width: 1920px) 100vw, 1920px\"  title=\"FB event-02\" alt=\"\" class=\"img-fluid\">\n                                                                                    <\/a>\n                                    <\/figure>\n                                <\/div>\n                            <\/div>\n                            <div class=\"col-sm-9\">\n                                                            <div class=\"category-top\">\n                                    <span class=\"fw-bold text-danger\">Pasibaig\u0119s<\/span>                                                                        <span class=\"data\">\n                                        <svg class=\"icon icon-secondary\">\n                                            <use xlink:href=\"https:\/\/iicvilnius.esteri.it\/wp-content\/themes\/sedi-tema\/assets\/svg\/sprites.svg#it-calendar\"><\/use>\n                                        <\/svg> \u0160t Gru 06 2025                                    <\/span>\n                                                                    <\/div>\n                            <h5 class=\"card-title big-heading text-uppercase\"><a class=\"text-body text-decoration-none\" href=\"https:\/\/iicvilnius.esteri.it\/lt\/gli_eventi\/calendario\/italu-dienos-francescos-bonaita-smuikas-ir-aramo-khacheh-dirigentas-koncertas\/\" title=\"\u201eItal\u0173 dienos\u201c: Francescos Bonaita (smuikas) ir Aramo Khacheh (dirigentas) koncertas\">\u201eItal\u0173 dienos\u201c: Francescos Bonaita (smuikas) ir Aramo Khacheh (dirigentas) koncertas<\/a><\/h5>\n                            <p class=\"card-text\">Klaip\u0117dos kamerinis orkestras Meno vadovas Mindaugas Ba\u010dkus Solist\u0117 Francesca Bonaita (smuikas, Italija) Dirigentas Aram Khacheh (Italija) Itali\u0161kas temperamentas, romanti\u0161ka ekspresija ir jaunatvi\u0161kas talento \u017eavesys u\u017elies Klaip\u0117dos koncert\u0173 sal\u0119 \u0161ventin\u0117s klasikos festivalio \u201eSalve Musica\u201c programoje. Gruod\u017eio 6-osios vakar\u0105 KKS scenoje \u2013 koncertas \u201eItal\u0173 dienos\u201c, bendras Klaip\u0117dos koncert\u0173 sal\u0117s, Italijos ambasados Lietuvoje ir Ital\u0173 kult\u016bros instituto projektas, [&hellip;]<\/p>\n                                <a title=\"\u201eItal\u0173 dienos\u201c: Francescos Bonaita (smuikas) ir Aramo Khacheh (dirigentas) koncertas\" class=\"read-more\" href=\"https:\/\/iicvilnius.esteri.it\/lt\/gli_eventi\/calendario\/italu-dienos-francescos-bonaita-smuikas-ir-aramo-khacheh-dirigentas-koncertas\/\">\n                                    <span class=\"text\">Pla\u010diau<\/span>\n                                    <svg class=\"icon\">\n                                    <use xlink:href=\"https:\/\/iicvilnius.esteri.it\/wp-content\/themes\/sedi-tema\/assets\/svg\/sprites.svg#it-arrow-right\"><\/use>\n                                    <\/svg>\n                                <\/a>\n                                                        <\/div>\n                                                    <\/div>\n                    <\/div>\n                <\/div>\n                <!--end card-->\n                <\/div><!-- col-12 .mt-3-->\n                            <div class=\"col-12 mt-3\">\n                <!--start card-->\n                <div class=\"card-wrapper card-space\">\n                    <div class=\"card card-bg card-big border-bottom-card\">\n                        <div class=\"card-body row\">\n                                                    <div class=\"col-sm-3\">\n                                <div class=\"img-responsive\">\n                                    <figure class=\"img-wrapper\">\n                                        <a href=\"https:\/\/iicvilnius.esteri.it\/lt\/gli_eventi\/calendario\/siuolaikines-dramaturgijos-festivalis-versme\/\" title=\"Perskaityk straipsn\u012f: \u0160iuolaikin\u0117s dramaturgijos festivalis \u201eVersm\u0117\u201c\">\n                                                                                            <img loading=\"lazy\" decoding=\"async\" width=\"300\" height=\"166\" src=\"https:\/\/iicvilnius.esteri.it\/wp-content\/uploads\/2025\/11\/86versmeslndt_slideshow-300x166.jpg\" srcset=\"https:\/\/iicvilnius.esteri.it\/wp-content\/uploads\/2025\/11\/86versmeslndt_slideshow.jpg 1450w, https:\/\/iicvilnius.esteri.it\/wp-content\/uploads\/2025\/11\/86versmeslndt_slideshow-300x166.jpg 300w, https:\/\/iicvilnius.esteri.it\/wp-content\/uploads\/2025\/11\/86versmeslndt_slideshow-1024x565.jpg 1024w, https:\/\/iicvilnius.esteri.it\/wp-content\/uploads\/2025\/11\/86versmeslndt_slideshow-768x424.jpg 768w\" sizes=\"auto, (max-width: 1450px) 100vw, 1450px\"  title=\"86versmeslndt_slideshow\" alt=\"\" class=\"img-fluid\">\n                                                                                    <\/a>\n                                    <\/figure>\n                                <\/div>\n                            <\/div>\n                            <div class=\"col-sm-9\">\n                                                            <div class=\"category-top\">\n                                    <span class=\"fw-bold text-danger\">Pasibaig\u0119s<\/span>                                                                        <span class=\"data\">\n                                        <svg class=\"icon icon-secondary\">\n                                            <use xlink:href=\"https:\/\/iicvilnius.esteri.it\/wp-content\/themes\/sedi-tema\/assets\/svg\/sprites.svg#it-calendar\"><\/use>\n                                        <\/svg> Pr Lap 24 2025<svg class=\"icon icon-xs icon-secondary me-1 ms-1\"><use href=\"https:\/\/iicvilnius.esteri.it\/wp-content\/themes\/sedi-tema\/assets\/svg\/sprites.svg#it-arrow-right\"><\/use><\/svg>Pn Lap 28 2025                                    <\/span>\n                                                                    <\/div>\n                            <h5 class=\"card-title big-heading text-uppercase\"><a class=\"text-body text-decoration-none\" href=\"https:\/\/iicvilnius.esteri.it\/lt\/gli_eventi\/calendario\/siuolaikines-dramaturgijos-festivalis-versme\/\" title=\"\u0160iuolaikin\u0117s dramaturgijos festivalis \u201eVersm\u0117\u201c\">\u0160iuolaikin\u0117s dramaturgijos festivalis \u201eVersm\u0117\u201c<\/a><\/h5>\n                            <p class=\"card-text\">Lapkri\u010dio 25 dien\u0105 Lietuvos nacionaliniame dramos teatre prasideda \u0161iuolaikin\u0117s dramaturgijos festivalis \u201eVersm\u0117\u201c. Kaip ir kiekvien\u0105 ruden\u012f \u017ei\u016brovai yra kvie\u010diami susipa\u017einti su nauj\u0173 perspektyvi\u0173 Lietuvos dramaturg\u0173 k\u016bryba bei dalyvauti verstini\u0173 pjesi\u0173 skaitymuose, pristatan\u010diuose vienos konkre\u010dios \u0161alies dramaturgij\u0105 ir jos dramos lauk\u0105. \u0160iais metais festivalis yra dedikuotas Italijos dramaturgijai ir pristato trij\u0173 jaun\u0173 bei perspektyvi\u0173 Italijos dramaturg\u0173 [&hellip;]<\/p>\n                                <a title=\"\u0160iuolaikin\u0117s dramaturgijos festivalis \u201eVersm\u0117\u201c\" class=\"read-more\" href=\"https:\/\/iicvilnius.esteri.it\/lt\/gli_eventi\/calendario\/siuolaikines-dramaturgijos-festivalis-versme\/\">\n                                    <span class=\"text\">Pla\u010diau<\/span>\n                                    <svg class=\"icon\">\n                                    <use xlink:href=\"https:\/\/iicvilnius.esteri.it\/wp-content\/themes\/sedi-tema\/assets\/svg\/sprites.svg#it-arrow-right\"><\/use>\n                                    <\/svg>\n                                <\/a>\n                                                        <\/div>\n                                                    <\/div>\n                    <\/div>\n                <\/div>\n                <!--end card-->\n                <\/div><!-- col-12 .mt-3-->\n                            <div class=\"col-12 mt-3\">\n                <!--start card-->\n                <div class=\"card-wrapper card-space\">\n                    <div class=\"card card-bg card-big border-bottom-card\">\n                        <div class=\"card-body row\">\n                                                    <div class=\"col-sm-3\">\n                                <div class=\"img-responsive\">\n                                    <figure class=\"img-wrapper\">\n                                        <a href=\"https:\/\/iicvilnius.esteri.it\/lt\/gli_eventi\/calendario\/festivalis-kureju-sala-vaiku-knygu-sala\/\" title=\"Perskaityk straipsn\u012f: Festivalis \u201eK\u016br\u0117j\u0173 sala&#8221;\/ \u201eVaik\u0173 knyg\u0173 sala&#8221;\">\n                                                                                            <img loading=\"lazy\" decoding=\"async\" width=\"300\" height=\"132\" src=\"https:\/\/iicvilnius.esteri.it\/wp-content\/uploads\/2025\/11\/Vaiku-knygu-sala-300x132.jpg\" srcset=\"https:\/\/iicvilnius.esteri.it\/wp-content\/uploads\/2025\/11\/Vaiku-knygu-sala.jpg 1641w, https:\/\/iicvilnius.esteri.it\/wp-content\/uploads\/2025\/11\/Vaiku-knygu-sala-300x132.jpg 300w, https:\/\/iicvilnius.esteri.it\/wp-content\/uploads\/2025\/11\/Vaiku-knygu-sala-1024x449.jpg 1024w, https:\/\/iicvilnius.esteri.it\/wp-content\/uploads\/2025\/11\/Vaiku-knygu-sala-768x337.jpg 768w\" sizes=\"auto, (max-width: 1641px) 100vw, 1641px\"  title=\"Vaiku knygu sala\" alt=\"\" class=\"img-fluid\">\n                                                                                    <\/a>\n                                    <\/figure>\n                                <\/div>\n                            <\/div>\n                            <div class=\"col-sm-9\">\n                                                            <div class=\"category-top\">\n                                    <span class=\"fw-bold text-danger\">Pasibaig\u0119s<\/span>                                                                        <span class=\"data\">\n                                        <svg class=\"icon icon-secondary\">\n                                            <use xlink:href=\"https:\/\/iicvilnius.esteri.it\/wp-content\/themes\/sedi-tema\/assets\/svg\/sprites.svg#it-calendar\"><\/use>\n                                        <\/svg> Tr Lap 19 2025<svg class=\"icon icon-xs icon-secondary me-1 ms-1\"><use href=\"https:\/\/iicvilnius.esteri.it\/wp-content\/themes\/sedi-tema\/assets\/svg\/sprites.svg#it-arrow-right\"><\/use><\/svg>Sk Lap 23 2025                                    <\/span>\n                                                                    <\/div>\n                            <h5 class=\"card-title big-heading text-uppercase\"><a class=\"text-body text-decoration-none\" href=\"https:\/\/iicvilnius.esteri.it\/lt\/gli_eventi\/calendario\/festivalis-kureju-sala-vaiku-knygu-sala\/\" title=\"Festivalis \u201eK\u016br\u0117j\u0173 sala&#8221;\/ \u201eVaik\u0173 knyg\u0173 sala&#8221;\">Festivalis \u201eK\u016br\u0117j\u0173 sala&#8221;\/ \u201eVaik\u0173 knyg\u0173 sala&#8221;<\/a><\/h5>\n                            <p class=\"card-text\">M\u016bs\u0173 \u0161alis buvo pasirinkta garb\u0117s sve\u010diu dviejuose renginiuose, skirtuose vaik\u0173 literat\u016brai: K\u016aR\u0116J\u0172 SALA &#8211; Vaik\u0173 literat\u016bros industrijos dienos, lapkri\u010dio 19\u201321 d. ir VAIK\u0172 KNYG\u0172 SALA, lapkri\u010dio 22\u201323 d. \u0160i\u0173 met\u0173 festivalio tema \u2013 Poky\u010di\u0173 puslapiai, kuri leid\u017eia apm\u0105styti, kaip literat\u016bra vaikams sprend\u017eia \u0161iuolaikinius i\u0161\u0161\u016bkius, nuo asmenyb\u0117s tapatyb\u0117s iki dirbtinio intelekto poveikio. K\u016aR\u0116J\u0172 SALOS &#8211; Vaik\u0173 [&hellip;]<\/p>\n                                <a title=\"Festivalis \u201eK\u016br\u0117j\u0173 sala&#8221;\/ \u201eVaik\u0173 knyg\u0173 sala&#8221;\" class=\"read-more\" href=\"https:\/\/iicvilnius.esteri.it\/lt\/gli_eventi\/calendario\/festivalis-kureju-sala-vaiku-knygu-sala\/\">\n                                    <span class=\"text\">Pla\u010diau<\/span>\n                                    <svg class=\"icon\">\n                                    <use xlink:href=\"https:\/\/iicvilnius.esteri.it\/wp-content\/themes\/sedi-tema\/assets\/svg\/sprites.svg#it-arrow-right\"><\/use>\n                                    <\/svg>\n                                <\/a>\n                                                        <\/div>\n                                                    <\/div>\n                    <\/div>\n                <\/div>\n                <!--end card-->\n                <\/div><!-- col-12 .mt-3-->\n                            <div class=\"col-12 mt-3\">\n                <!--start card-->\n                <div class=\"card-wrapper card-space\">\n                    <div class=\"card card-bg card-big border-bottom-card\">\n                        <div class=\"card-body row\">\n                                                    <div class=\"col-sm-3\">\n                                <div class=\"img-responsive\">\n                                    <figure class=\"img-wrapper\">\n                                        <a href=\"https:\/\/iicvilnius.esteri.it\/lt\/gli_eventi\/calendario\/scanoramos-programoje-kino-maistininkes-lilianos-cavani-retrospektyva\/\" title=\"Perskaityk straipsn\u012f: \u201eScanoramos\u201c programoje \u2013 kino mai\u0161tinink\u0117s Lilianos Cavani retrospektyva\">\n                                                                                            <img loading=\"lazy\" decoding=\"async\" width=\"300\" height=\"158\" src=\"https:\/\/iicvilnius.esteri.it\/wp-content\/uploads\/2025\/10\/Horizontal-post-300x158.png\" srcset=\"https:\/\/iicvilnius.esteri.it\/wp-content\/uploads\/2025\/10\/Horizontal-post.png 1200w, https:\/\/iicvilnius.esteri.it\/wp-content\/uploads\/2025\/10\/Horizontal-post-300x158.png 300w, https:\/\/iicvilnius.esteri.it\/wp-content\/uploads\/2025\/10\/Horizontal-post-1024x538.png 1024w, https:\/\/iicvilnius.esteri.it\/wp-content\/uploads\/2025\/10\/Horizontal-post-768x403.png 768w\" sizes=\"auto, (max-width: 1200px) 100vw, 1200px\"  title=\"Horizontal post\" alt=\"\" class=\"img-fluid\">\n                                                                                    <\/a>\n                                    <\/figure>\n                                <\/div>\n                            <\/div>\n                            <div class=\"col-sm-9\">\n                                                            <div class=\"category-top\">\n                                    <span class=\"fw-bold text-danger\">Pasibaig\u0119s<\/span>                                                                        <span class=\"data\">\n                                        <svg class=\"icon icon-secondary\">\n                                            <use xlink:href=\"https:\/\/iicvilnius.esteri.it\/wp-content\/themes\/sedi-tema\/assets\/svg\/sprites.svg#it-calendar\"><\/use>\n                                        <\/svg> Kt Lap 06 2025<svg class=\"icon icon-xs icon-secondary me-1 ms-1\"><use href=\"https:\/\/iicvilnius.esteri.it\/wp-content\/themes\/sedi-tema\/assets\/svg\/sprites.svg#it-arrow-right\"><\/use><\/svg>Sk Lap 23 2025                                    <\/span>\n                                                                    <\/div>\n                            <h5 class=\"card-title big-heading text-uppercase\"><a class=\"text-body text-decoration-none\" href=\"https:\/\/iicvilnius.esteri.it\/lt\/gli_eventi\/calendario\/scanoramos-programoje-kino-maistininkes-lilianos-cavani-retrospektyva\/\" title=\"\u201eScanoramos\u201c programoje \u2013 kino mai\u0161tinink\u0117s Lilianos Cavani retrospektyva\">\u201eScanoramos\u201c programoje \u2013 kino mai\u0161tinink\u0117s Lilianos Cavani retrospektyva<\/a><\/h5>\n                            <p class=\"card-text\">Lapkri\u010dio 6\u201323 dienomis \u012fvairiuose Lietuvos miestuose vyks Europos kino festivalis \u201eScanorama\u201c, kurio tradicin\u0117 programa \u201eI\u0161 ar\u010diau\u201c \u0161iais metais skirta vienai ry\u0161kiausi\u0173 pasaulio kino meistri\u0173 \u2013 ital\u0173 re\u017eisierei Lilianai Cavani. \u0160i retrospektyva &#8211; tai \u017evilgsnis \u012f k\u016br\u0117j\u0105, niekada nesitaikiusi\u0105 prie laikme\u010dio. Lilianos Cavani k\u016bryba gim\u0117 i\u0161 dr\u0105sos kalb\u0117ti apie tai, kas nepatogu, kas da\u017enai nutylima. Ji [&hellip;]<\/p>\n                                <a title=\"\u201eScanoramos\u201c programoje \u2013 kino mai\u0161tinink\u0117s Lilianos Cavani retrospektyva\" class=\"read-more\" href=\"https:\/\/iicvilnius.esteri.it\/lt\/gli_eventi\/calendario\/scanoramos-programoje-kino-maistininkes-lilianos-cavani-retrospektyva\/\">\n                                    <span class=\"text\">Pla\u010diau<\/span>\n                                    <svg class=\"icon\">\n                                    <use xlink:href=\"https:\/\/iicvilnius.esteri.it\/wp-content\/themes\/sedi-tema\/assets\/svg\/sprites.svg#it-arrow-right\"><\/use>\n                                    <\/svg>\n                                <\/a>\n                                                        <\/div>\n                                                    <\/div>\n                    <\/div>\n                <\/div>\n                <!--end card-->\n                <\/div><!-- col-12 .mt-3-->\n                            <div class=\"col-12 mt-3\">\n                <!--start card-->\n                <div class=\"card-wrapper card-space\">\n                    <div class=\"card card-bg card-big border-bottom-card\">\n                        <div class=\"card-body row\">\n                                                    <div class=\"col-sm-3\">\n                                <div class=\"img-responsive\">\n                                    <figure class=\"img-wrapper\">\n                                        <a href=\"https:\/\/iicvilnius.esteri.it\/lt\/gli_eventi\/calendario\/alkanas-pulcinela\/\" title=\"Perskaityk straipsn\u012f: Alkanas Pul\u010dinela\">\n                                                                                            <img loading=\"lazy\" decoding=\"async\" width=\"300\" height=\"170\" src=\"https:\/\/iicvilnius.esteri.it\/wp-content\/uploads\/2025\/10\/Jacques-Callot_Balli-di-Sfessania-300x170.jpg\" srcset=\"https:\/\/iicvilnius.esteri.it\/wp-content\/uploads\/2025\/10\/Jacques-Callot_Balli-di-Sfessania.jpg 1238w, https:\/\/iicvilnius.esteri.it\/wp-content\/uploads\/2025\/10\/Jacques-Callot_Balli-di-Sfessania-300x170.jpg 300w, https:\/\/iicvilnius.esteri.it\/wp-content\/uploads\/2025\/10\/Jacques-Callot_Balli-di-Sfessania-1024x581.jpg 1024w, https:\/\/iicvilnius.esteri.it\/wp-content\/uploads\/2025\/10\/Jacques-Callot_Balli-di-Sfessania-768x435.jpg 768w\" sizes=\"auto, (max-width: 1238px) 100vw, 1238px\"  title=\"Jacques Callot_Balli di Sfessania\" alt=\"\" class=\"img-fluid\">\n                                                                                    <\/a>\n                                    <\/figure>\n                                <\/div>\n                            <\/div>\n                            <div class=\"col-sm-9\">\n                                                            <div class=\"category-top\">\n                                    <span class=\"fw-bold text-danger\">Pasibaig\u0119s<\/span>                                                                        <span class=\"data\">\n                                        <svg class=\"icon icon-secondary\">\n                                            <use xlink:href=\"https:\/\/iicvilnius.esteri.it\/wp-content\/themes\/sedi-tema\/assets\/svg\/sprites.svg#it-calendar\"><\/use>\n                                        <\/svg> Pn Spa 24 2025                                    <\/span>\n                                                                    <\/div>\n                            <h5 class=\"card-title big-heading text-uppercase\"><a class=\"text-body text-decoration-none\" href=\"https:\/\/iicvilnius.esteri.it\/lt\/gli_eventi\/calendario\/alkanas-pulcinela\/\" title=\"Alkanas Pul\u010dinela\">Alkanas Pul\u010dinela<\/a><\/h5>\n                            <p class=\"card-text\">Vaizduot\u0117s teatro kolia\u017eas, paremtas commedia dell\u2019arte tradicija bei Giannio Rodari ir Eduardo Scarpetta tekstais, muzika \u2013 Niccol\u00f2 Jommelli ir Wolfgang Amadeus Mozart. D\u0117stytojai: Annarita Poliseno, Fausto Tuscano Dalyviai: Lietuvos muzikos ir teatro akademijos Dainavimo ir Stygini\u0173 instrument\u0173 katedr\u0173 studentai \u012esivaizduokime, kad esame aik\u0161t\u0117je prie\u0161ais Karali\u0161kuosius R\u016bmus, kurioje vyksta didel\u0117 mug\u0117. Am\u017einai alkanas Pul\u010dinela tikisi rasti [&hellip;]<\/p>\n                                <a title=\"Alkanas Pul\u010dinela\" class=\"read-more\" href=\"https:\/\/iicvilnius.esteri.it\/lt\/gli_eventi\/calendario\/alkanas-pulcinela\/\">\n                                    <span class=\"text\">Pla\u010diau<\/span>\n                                    <svg class=\"icon\">\n                                    <use xlink:href=\"https:\/\/iicvilnius.esteri.it\/wp-content\/themes\/sedi-tema\/assets\/svg\/sprites.svg#it-arrow-right\"><\/use>\n                                    <\/svg>\n                                <\/a>\n                                                        <\/div>\n                                                    <\/div>\n                    <\/div>\n                <\/div>\n                <!--end card-->\n                <\/div><!-- col-12 .mt-3-->\n                            <div class=\"col-12 mt-3\">\n                <!--start card-->\n                <div class=\"card-wrapper card-space\">\n                    <div class=\"card card-bg card-big border-bottom-card\">\n                        <div class=\"card-body row\">\n                                                    <div class=\"col-sm-3\">\n                                <div class=\"img-responsive\">\n                                    <figure class=\"img-wrapper\">\n                                        <a href=\"https:\/\/iicvilnius.esteri.it\/lt\/gli_eventi\/calendario\/italofonija-kalba-be-ribu\/\" title=\"Perskaityk straipsn\u012f: Italofonija: kalba be rib\u0173\">\n                                                                                            <img loading=\"lazy\" decoding=\"async\" width=\"300\" height=\"138\" src=\"https:\/\/iicvilnius.esteri.it\/wp-content\/uploads\/2025\/10\/All.-2-Logo-SLIM_positivo-300x138.png\" srcset=\"https:\/\/iicvilnius.esteri.it\/wp-content\/uploads\/2025\/10\/All.-2-Logo-SLIM_positivo.png 1772w, https:\/\/iicvilnius.esteri.it\/wp-content\/uploads\/2025\/10\/All.-2-Logo-SLIM_positivo-300x138.png 300w, https:\/\/iicvilnius.esteri.it\/wp-content\/uploads\/2025\/10\/All.-2-Logo-SLIM_positivo-1024x472.png 1024w, https:\/\/iicvilnius.esteri.it\/wp-content\/uploads\/2025\/10\/All.-2-Logo-SLIM_positivo-768x354.png 768w\" sizes=\"auto, (max-width: 1772px) 100vw, 1772px\"  title=\"All. 2 Logo SLIM_positivo\" alt=\"\" class=\"img-fluid\">\n                                                                                    <\/a>\n                                    <\/figure>\n                                <\/div>\n                            <\/div>\n                            <div class=\"col-sm-9\">\n                                                            <div class=\"category-top\">\n                                    <span class=\"fw-bold text-danger\">Pasibaig\u0119s<\/span>                                                                        <span class=\"data\">\n                                        <svg class=\"icon icon-secondary\">\n                                            <use xlink:href=\"https:\/\/iicvilnius.esteri.it\/wp-content\/themes\/sedi-tema\/assets\/svg\/sprites.svg#it-calendar\"><\/use>\n                                        <\/svg> Pr Spa 20 2025<svg class=\"icon icon-xs icon-secondary me-1 ms-1\"><use href=\"https:\/\/iicvilnius.esteri.it\/wp-content\/themes\/sedi-tema\/assets\/svg\/sprites.svg#it-arrow-right\"><\/use><\/svg>Pn Spa 24 2025                                    <\/span>\n                                                                    <\/div>\n                            <h5 class=\"card-title big-heading text-uppercase\"><a class=\"text-body text-decoration-none\" href=\"https:\/\/iicvilnius.esteri.it\/lt\/gli_eventi\/calendario\/italofonija-kalba-be-ribu\/\" title=\"Italofonija: kalba be rib\u0173\">Italofonija: kalba be rib\u0173<\/a><\/h5>\n                            <p class=\"card-text\">XXV Pasaulin\u0117 ital\u0173 kalbos savait\u0117 pavadinimu \u201eItalofonija: kalba be rib\u0173\u201d bus \u0161ven\u010diama Vilniuje \u0161.m. spalio 20-24 d. J\u0105 rengia Italijos ambasada, Ital\u0173 kult\u016bros institutas Vilniuje, Vilniaus universiteto Filologijos fakulteto Ital\u0173 kalbotyros ir literat\u016bros katedra. Spektaklio \u201eAlkanas Pul\u010dinela&#8221; partneriai \u2013 Lietuvos muzikos ir teatro akademija. \u012e\u0117jimas \u012f visus Savait\u0117s renginius laisvas, i\u0161skyrus koncert\u0105 &#8222;Chitarre di Toscana: [&hellip;]<\/p>\n                                <a title=\"Italofonija: kalba be rib\u0173\" class=\"read-more\" href=\"https:\/\/iicvilnius.esteri.it\/lt\/gli_eventi\/calendario\/italofonija-kalba-be-ribu\/\">\n                                    <span class=\"text\">Pla\u010diau<\/span>\n                                    <svg class=\"icon\">\n                                    <use xlink:href=\"https:\/\/iicvilnius.esteri.it\/wp-content\/themes\/sedi-tema\/assets\/svg\/sprites.svg#it-arrow-right\"><\/use>\n                                    <\/svg>\n                                <\/a>\n                                                        <\/div>\n                                                    <\/div>\n                    <\/div>\n                <\/div>\n                <!--end card-->\n                <\/div><!-- col-12 .mt-3-->\n            \n            <div class=\"col-md-12 mt-4 pb-4\">\n                <nav class=\"navigation col-md-12\" aria-label=\"Navigation\">\n                    <h2 class=\"screen-reader-text visually-hidden\">Paginazione<\/h2>\n                    <div class=\"nav-links\">\n                    <span aria-current=\"page\" class=\"page-numbers current\">1<\/span>\n<a class=\"page-numbers\" href=\"https:\/\/iicvilnius.esteri.it\/lt\/wp-json\/wp\/v2\/pages\/1542\/?pag=2\">2<\/a>\n<a class=\"page-numbers\" href=\"https:\/\/iicvilnius.esteri.it\/lt\/wp-json\/wp\/v2\/pages\/1542\/?pag=3\">3<\/a>\n<span class=\"page-numbers dots\">&hellip;<\/span>\n<a class=\"page-numbers\" href=\"https:\/\/iicvilnius.esteri.it\/lt\/wp-json\/wp\/v2\/pages\/1542\/?pag=42\">42<\/a>\n<a class=\"next page-numbers\" href=\"https:\/\/iicvilnius.esteri.it\/lt\/wp-json\/wp\/v2\/pages\/1542\/?pag=2\"><svg class=\"icon icon-primary\"><use xlink:href=\"https:\/\/iicvilnius.esteri.it\/wp-content\/themes\/sedi-tema\/assets\/svg\/sprites.svg#it-chevron-right\"><\/use><\/svg>\n                                    <span class=\"visually-hidden\">Pagina successiva<\/span><\/a>                    <\/div>\n                <\/nav>\n            <\/div>   <!--.col-md-12 -->\n              <\/div><!--.row -->\n              \n","protected":false},"excerpt":{"rendered":"","protected":false},"author":1,"featured_media":0,"parent":102,"menu_order":0,"comment_status":"closed","ping_status":"closed","template":"","meta":{"footnotes":""},"class_list":["post-1542","page","type-page","status-publish","hentry"],"_links":{"self":[{"href":"https:\/\/iicvilnius.esteri.it\/lt\/wp-json\/wp\/v2\/pages\/1542","targetHints":{"allow":["GET"]}}],"collection":[{"href":"https:\/\/iicvilnius.esteri.it\/lt\/wp-json\/wp\/v2\/pages"}],"about":[{"href":"https:\/\/iicvilnius.esteri.it\/lt\/wp-json\/wp\/v2\/types\/page"}],"author":[{"embeddable":true,"href":"https:\/\/iicvilnius.esteri.it\/lt\/wp-json\/wp\/v2\/users\/1"}],"replies":[{"embeddable":true,"href":"https:\/\/iicvilnius.esteri.it\/lt\/wp-json\/wp\/v2\/comments?post=1542"}],"version-history":[{"count":1,"href":"https:\/\/iicvilnius.esteri.it\/lt\/wp-json\/wp\/v2\/pages\/1542\/revisions"}],"predecessor-version":[{"id":1833,"href":"https:\/\/iicvilnius.esteri.it\/lt\/wp-json\/wp\/v2\/pages\/1542\/revisions\/1833"}],"up":[{"embeddable":true,"href":"https:\/\/iicvilnius.esteri.it\/lt\/wp-json\/wp\/v2\/pages\/102"}],"wp:attachment":[{"href":"https:\/\/iicvilnius.esteri.it\/lt\/wp-json\/wp\/v2\/media?parent=1542"}],"curies":[{"name":"wp","href":"https:\/\/api.w.org\/{rel}","templated":true}]}}