{"id":1813,"date":"2024-10-16T16:55:55","date_gmt":"2024-10-16T13:55:55","guid":{"rendered":"https:\/\/iicvilnius.esteri.it\/?page_id=1813"},"modified":"2024-10-22T15:37:05","modified_gmt":"2024-10-22T12:37:05","slug":"direktorius","status":"publish","type":"page","link":"https:\/\/iicvilnius.esteri.it\/lt\/chi-siamo\/il-personale\/direktorius\/","title":{"rendered":"Direktorius"},"content":{"rendered":"<p><img loading=\"lazy\" decoding=\"async\" class=\"alignnone  wp-image-1820 img-fluid\" src=\"https:\/\/iicvilnius.esteri.it\/wp-content\/uploads\/2024\/10\/Foto-Ambasciatore-298x300.jpg\" alt=\"\" width=\"252\" height=\"254\" srcset=\"https:\/\/iicvilnius.esteri.it\/wp-content\/uploads\/2024\/10\/Foto-Ambasciatore-298x300.jpg 298w, https:\/\/iicvilnius.esteri.it\/wp-content\/uploads\/2024\/10\/Foto-Ambasciatore-1016x1024.jpg 1016w, https:\/\/iicvilnius.esteri.it\/wp-content\/uploads\/2024\/10\/Foto-Ambasciatore-150x150.jpg 150w, https:\/\/iicvilnius.esteri.it\/wp-content\/uploads\/2024\/10\/Foto-Ambasciatore-768x774.jpg 768w, https:\/\/iicvilnius.esteri.it\/wp-content\/uploads\/2024\/10\/Foto-Ambasciatore.jpg 1256w\" sizes=\"auto, (max-width: 252px) 100vw, 252px\" \/><\/p>\n<p>Emanuele de Maigret, Italijos Ambasadorius Lietuvoje, L.e.p. Ital\u0173 kult\u016bros instituto direktorius.<\/p>\n<p>Emanuele de Maigret gim\u0117 Romoje 1970 m. baland\u017eio 24 d. \u012egijo auk\u0161t\u0105j\u012f politikos moksl\u0173 (tarptautin\u0117s krypties) diplom\u0105 Kamerino universitete 1998 m.<br \/>\nDiplomatin\u0119 karjer\u0105 prad\u0117jo 2000 m. gruod\u017eio 29 d. I\u0161 prad\u017ei\u0173 U\u017esienio reikal\u0173 ministerijoje paskiriamas \u012f Generalin\u012f U\u017esachario Afrikos \u0161ali\u0173 direktorat\u0105, daugiausia darbui su pietine Afrika, o v\u0117liau \u2013 \u012f Generalin\u012f ital\u0173 u\u017esienyje ir migracin\u0117s politikos direktorat\u0105, kuriame dirba su Europos S\u0105jungos finansuojamais projektais.<br \/>\n2001 m. vadovauja pagalbinei Italijos URM Krizi\u0173 skyriaus misijai Niujorke po atakos prie\u0161 Pasaulio prekybos centr\u0105.<br \/>\n2002 m., b\u016bdamas antruoju sekretoriumi, Var\u0161uvoje vadovauja Ambasados Konsuliniam skyriui ir domisi Lenkijos vidaus ir u\u017esienio politika Lenkijos stojimo \u012f Europos S\u0105jung\u0105 laikotarpiu.<br \/>\n2006 m. yra pirmasis sekretorius Brazilijoje, kur dirba su Brazilijos vidaus ir u\u017esienio politika, o baigiantis mandatui eina Atstovo spaudai ir kult\u016brai pareigas.<br \/>\n2009 m. sugr\u012f\u017eta \u012f Ministerij\u0105 ir pradeda dirbti Sekretoriato vadovu Generaliniame Europos \u0161ali\u0173 direktorate (v\u0117liau \u2013 Generaliniame Europos S\u0105jungos direktorate), ruo\u0161iantis Italijos pirmininkavimui ES Tarybai antrame 2014 m. pusmetyje.<br \/>\n2013 m. pradeda dirbti patar\u0117ju Va\u0161ingtone, kur eina tarnyb\u0105 Ambasados politikos skyriuje, dom\u0117damasis Jungtini\u0173 Valstij\u0173 u\u017esienio politika Europoje, Balkanuose, Centrin\u0117je Azijoje, Kaukaze, U\u017esachario Afrikoje ir Arktyje.<br \/>\n2017 m. yra Pirmasis patar\u0117jas Pekine, vadovauja Ekonomikos-Prekybos skyriui, o nuo 2020 m. tampa ir Misijos vadovo pavaduotoju.<br \/>\n2021 m. pabaigoje gr\u012f\u017eta \u012f Ministerij\u0105, kur nuo 2022 m. sausio 1 d. pradeda eiti Generalinio Politikos reikal\u0173 ir saugumo direktorato I skyriaus vadovo, atsakingo u\u017e Jungtini\u0173 Taut\u0173 sistem\u0105, pareigas.<br \/>\nNuo 2024 m. sausio 8 d. Emanuele de Maigret yra Italijos Ambasadorius Vilniuje.<br \/>\n2014 m. apdovanotas Italijos Respublikos ordino \u201cU\u017e nuopelnus\u201d riterio \u017eenklu.<\/p>\n","protected":false},"excerpt":{"rendered":"Emanuele de Maigret, Italijos Ambasadorius Lietuvoje, L.e.p. Ital\u0173 kult\u016bros instituto direktorius. Emanuele de Maigret gim\u0117 Romoje 1970 m. baland\u017eio 24 d. \u012egijo auk\u0161t\u0105j\u012f politikos moksl\u0173 (tarptautin\u0117s krypties) diplom\u0105 Kamerino universitete 1998 m. Diplomatin\u0119 karjer\u0105 prad\u0117jo 2000 m. gruod\u017eio 29 d. I\u0161 prad\u017ei\u0173 U\u017esienio reikal\u0173 ministerijoje paskiriamas \u012f Generalin\u012f U\u017esachario Afrikos \u0161ali\u0173 direktorat\u0105, daugiausia darbui su [&hellip;]","protected":false},"author":3,"featured_media":0,"parent":111,"menu_order":0,"comment_status":"closed","ping_status":"closed","template":"","meta":{"footnotes":""},"class_list":["post-1813","page","type-page","status-publish","hentry"],"_links":{"self":[{"href":"https:\/\/iicvilnius.esteri.it\/lt\/wp-json\/wp\/v2\/pages\/1813","targetHints":{"allow":["GET"]}}],"collection":[{"href":"https:\/\/iicvilnius.esteri.it\/lt\/wp-json\/wp\/v2\/pages"}],"about":[{"href":"https:\/\/iicvilnius.esteri.it\/lt\/wp-json\/wp\/v2\/types\/page"}],"author":[{"embeddable":true,"href":"https:\/\/iicvilnius.esteri.it\/lt\/wp-json\/wp\/v2\/users\/3"}],"replies":[{"embeddable":true,"href":"https:\/\/iicvilnius.esteri.it\/lt\/wp-json\/wp\/v2\/comments?post=1813"}],"version-history":[{"count":2,"href":"https:\/\/iicvilnius.esteri.it\/lt\/wp-json\/wp\/v2\/pages\/1813\/revisions"}],"predecessor-version":[{"id":1826,"href":"https:\/\/iicvilnius.esteri.it\/lt\/wp-json\/wp\/v2\/pages\/1813\/revisions\/1826"}],"up":[{"embeddable":true,"href":"https:\/\/iicvilnius.esteri.it\/lt\/wp-json\/wp\/v2\/pages\/111"}],"wp:attachment":[{"href":"https:\/\/iicvilnius.esteri.it\/lt\/wp-json\/wp\/v2\/media?parent=1813"}],"curies":[{"name":"wp","href":"https:\/\/api.w.org\/{rel}","templated":true}]}}