{"id":90,"date":"2023-04-03T20:55:02","date_gmt":"2023-04-03T17:55:02","guid":{"rendered":"https:\/\/iicvilnius.esteri.it\/chi-siamo\/la-sede\/"},"modified":"2023-09-07T19:46:41","modified_gmt":"2023-09-07T16:46:41","slug":"la-sede","status":"publish","type":"page","link":"https:\/\/iicvilnius.esteri.it\/lt\/chi-siamo\/la-sede\/","title":{"rendered":"Apie Institut\u0105"},"content":{"rendered":"<p>Ital\u0173 kult\u016bros institutas Vilniuje buvo atidarytas 2000 m. sausio 10 d. Jis yra \u012fsik\u016br\u0119s presti\u017einiame istoriniame pastate \u2013 Alumnate, priklausan\u010diame Vilniaus arkivyskupijai ir esan\u010diame Senamiestyje tarp senojo Universiteto ir Prezident\u016bros.<\/p>\n<p>Kompleksas, pastatytas dar XV am\u017eiaus pabaigoje, grei\u010diausiai \u0160v. Dominyko \u012fkurto ordino pra\u0161ymu, o po \u0161imto met\u0173 perimtas j\u0117zuit\u0173, 1622 m. buvo perstatytas ir iki 1798 m. buvo Vilniaus Akademijos (\u012fkurtos 1579 m. ir patvirtintos popie\u017eiaus Grigaliaus XIII bule) student\u0173 bendrabutis. U\u017edarius universitet\u0105, bendrabutis buvo pertvarkytas \u012f privat\u0173 nam\u0105, o v\u0117liau restauruojamas. I\u0161skirtinis pastato bruo\u017eas &#8211; keturkampis kiemas, kur\u012f supa lod\u017eijos su atviromis per tris auk\u0161tus i\u0161sid\u0117s\u010diusiomis arkadomis. D\u0117l savo architekt\u016bros ir istorijos pastatas buvo \u012ftrauktas \u012f UNESCO kult\u016brinio paveldo s\u0105ra\u0161\u0105.<\/p>\n<p>Po 2004 m. atlikt\u0173 pertvarkymo ir i\u0161pl\u0117timo darb\u0173 Ital\u0173 kult\u016bros institutas \u0161iuo metu u\u017eima vis\u0105 antr\u0105j\u012f pastato auk\u0161t\u0105. Institute yra \u012frengtos 3 klas\u0117s, biblioteka, erdvi konferencij\u0173 sal\u0117 bei parod\u0173 sal\u0117.<\/p>\n","protected":false},"excerpt":{"rendered":"Ital\u0173 kult\u016bros institutas Vilniuje buvo atidarytas 2000 m. sausio 10 d. Jis yra \u012fsik\u016br\u0119s presti\u017einiame istoriniame pastate \u2013 Alumnate, priklausan\u010diame Vilniaus arkivyskupijai ir esan\u010diame Senamiestyje tarp senojo Universiteto ir Prezident\u016bros. Kompleksas, pastatytas dar XV am\u017eiaus pabaigoje, grei\u010diausiai \u0160v. Dominyko \u012fkurto ordino pra\u0161ymu, o po \u0161imto met\u0173 perimtas j\u0117zuit\u0173, 1622 m. buvo perstatytas ir iki 1798 [&hellip;]","protected":false},"author":1,"featured_media":0,"parent":89,"menu_order":2,"comment_status":"closed","ping_status":"closed","template":"","meta":{"footnotes":""},"class_list":["post-90","page","type-page","status-publish","hentry"],"_links":{"self":[{"href":"https:\/\/iicvilnius.esteri.it\/lt\/wp-json\/wp\/v2\/pages\/90","targetHints":{"allow":["GET"]}}],"collection":[{"href":"https:\/\/iicvilnius.esteri.it\/lt\/wp-json\/wp\/v2\/pages"}],"about":[{"href":"https:\/\/iicvilnius.esteri.it\/lt\/wp-json\/wp\/v2\/types\/page"}],"author":[{"embeddable":true,"href":"https:\/\/iicvilnius.esteri.it\/lt\/wp-json\/wp\/v2\/users\/1"}],"replies":[{"embeddable":true,"href":"https:\/\/iicvilnius.esteri.it\/lt\/wp-json\/wp\/v2\/comments?post=90"}],"version-history":[{"count":3,"href":"https:\/\/iicvilnius.esteri.it\/lt\/wp-json\/wp\/v2\/pages\/90\/revisions"}],"predecessor-version":[{"id":291,"href":"https:\/\/iicvilnius.esteri.it\/lt\/wp-json\/wp\/v2\/pages\/90\/revisions\/291"}],"up":[{"embeddable":true,"href":"https:\/\/iicvilnius.esteri.it\/lt\/wp-json\/wp\/v2\/pages\/89"}],"wp:attachment":[{"href":"https:\/\/iicvilnius.esteri.it\/lt\/wp-json\/wp\/v2\/media?parent=90"}],"curies":[{"name":"wp","href":"https:\/\/api.w.org\/{rel}","templated":true}]}}